{"id":2130,"date":"2024-07-11T10:13:15","date_gmt":"2024-07-11T08:13:15","guid":{"rendered":"https:\/\/www.elcafedelaopera.com\/?page_id=2130"},"modified":"2024-07-12T10:34:53","modified_gmt":"2024-07-12T08:34:53","slug":"brunch-3","status":"publish","type":"page","link":"https:\/\/www.elcafedelaopera.com\/en\/proposals\/brunch-3\/","title":{"rendered":"\u00d3pera Brunch"},"content":{"rendered":"<p>[et_pb_section fb_built=&#8221;1&#8243; custom_padding_last_edited=&#8221;on|desktop&#8221; admin_label=&#8221;Encabezado&#8221; _builder_version=&#8221;4.24.0&#8243; _module_preset=&#8221;default&#8221; background_color=&#8221;#160b00&#8243; use_background_color_gradient=&#8221;on&#8221; background_color_gradient_direction=&#8221;90deg&#8221; background_color_gradient_stops=&#8221;#000000 0%|rgba(255,255,255,0) 51%&#8221; background_color_gradient_overlays_image=&#8221;on&#8221; background_image=&#8221;https:\/\/www.elcafedelaopera.com\/wp-content\/uploads\/2024\/07\/Opera-Late-Brunch-3-scaled.jpg&#8221; background_position=&#8221;top_right&#8221; background_horizontal_offset=&#8221;0%&#8221; background_vertical_offset=&#8221;34%&#8221; min_height=&#8221;60vh&#8221; min_height_tablet=&#8221;100vh&#8221; min_height_phone=&#8221;60vh&#8221; min_height_last_edited=&#8221;on|phone&#8221; custom_padding=&#8221;10vw||10vw||true|false&#8221; custom_padding_tablet=&#8221;|0px|||false|false&#8221; custom_padding_phone=&#8221;|40px|||false|false&#8221; saved_tabs=&#8221;all&#8221; locked=&#8221;off&#8221; collapsed=&#8221;off&#8221; global_colors_info=&#8221;{}&#8221;][et_pb_row _builder_version=&#8221;4.16&#8243; _module_preset=&#8221;default&#8221; locked=&#8221;off&#8221; global_colors_info=&#8221;{}&#8221;][et_pb_column type=&#8221;4_4&#8243; _builder_version=&#8221;4.16&#8243; _module_preset=&#8221;default&#8221; global_colors_info=&#8221;{}&#8221;][et_pb_text _builder_version=&#8221;4.17.4&#8243; _module_preset=&#8221;default&#8221; text_text_color=&#8221;rgba(255,207,154,0.7)&#8221; text_font_size=&#8221;16px&#8221; text_line_height=&#8221;1.8em&#8221; header_font=&#8221;Playfair Display||||||||&#8221; header_text_color=&#8221;#ffebd6&#8243; header_font_size=&#8221;3vw&#8221; header_line_height=&#8221;1.6em&#8221; background_layout=&#8221;dark&#8221; header_font_size_tablet=&#8221;70px&#8221; header_font_size_phone=&#8221;40px&#8221; header_font_size_last_edited=&#8221;on|desktop&#8221; locked=&#8221;off&#8221; global_colors_info=&#8221;{}&#8221;]<\/p>\n<h1>\u00d3pera Late Brunch<\/h1>\n<p>[\/et_pb_text][\/et_pb_column][\/et_pb_row][\/et_pb_section][et_pb_section fb_built=&#8221;1&#8243; disabled_on=&#8221;off|off|off&#8221; admin_label=&#8221;Texto original&#8221; module_id=&#8221;una-cena-cantada&#8221; _builder_version=&#8221;4.17.4&#8243; _module_preset=&#8221;default&#8221; background_color=&#8221;#FFFFFF&#8221; locked=&#8221;off&#8221; collapsed=&#8221;off&#8221; global_colors_info=&#8221;{}&#8221;][et_pb_row column_structure=&#8221;2_5,3_5&#8243; _builder_version=&#8221;4.17.4&#8243; _module_preset=&#8221;default&#8221; width_tablet=&#8221;&#8221; width_phone=&#8221;90%&#8221; width_last_edited=&#8221;on|phone&#8221; custom_margin=&#8221;|auto|2px|auto||&#8221; global_colors_info=&#8221;{}&#8221;][et_pb_column type=&#8221;2_5&#8243; _builder_version=&#8221;4.17.4&#8243; _module_preset=&#8221;default&#8221; border_width_all=&#8221;2px&#8221; border_color_all=&#8221;#000000&#8243; global_colors_info=&#8221;{}&#8221;][et_pb_gallery gallery_ids=&#8221;2106&#8243; fullwidth=&#8221;on&#8221; _builder_version=&#8221;4.24.0&#8243; _module_preset=&#8221;default&#8221; title_text_color=&#8221;#FFFFFF&#8221; pagination_text_color=&#8221;#FFFFFF&#8221; background_layout=&#8221;dark&#8221; custom_margin=&#8221;30px|-30px|30px|30px|true|false&#8221; custom_margin_tablet=&#8221;30px|-30px|30px|30px|true|false&#8221; custom_margin_phone=&#8221;15px|-15px|15px|15px|true|false&#8221; custom_margin_last_edited=&#8221;on|phone&#8221; global_colors_info=&#8221;{}&#8221;][\/et_pb_gallery][\/et_pb_column][et_pb_column type=&#8221;3_5&#8243; _builder_version=&#8221;4.17.4&#8243; _module_preset=&#8221;default&#8221; custom_padding=&#8221;20px|30px||30px|false|true&#8221; custom_padding_tablet=&#8221;0px||||false|false&#8221; custom_padding_phone=&#8221;|0px||0px|false|true&#8221; custom_padding_last_edited=&#8221;on|phone&#8221; global_colors_info=&#8221;{}&#8221;][et_pb_text admin_label=&#8221;Texto&#8221; _builder_version=&#8221;4.17.4&#8243; _module_preset=&#8221;default&#8221; text_text_color=&#8221;#000000&#8243; text_font_size=&#8221;18px&#8221; text_line_height=&#8221;1.8em&#8221; header_text_color=&#8221;#000000&#8243; header_font_size=&#8221;44px&#8221; header_line_height=&#8221;2em&#8221; header_2_font=&#8221;Playfair Display||||||||&#8221; header_2_text_color=&#8221;#000000&#8243; header_2_font_size=&#8221;44px&#8221; header_2_line_height=&#8221;1.2em&#8221; header_3_font=&#8221;|700||on|||||&#8221; header_3_text_color=&#8221;#000000&#8243; header_3_font_size=&#8221;16px&#8221; header_3_letter_spacing=&#8221;2px&#8221; header_3_line_height=&#8221;2em&#8221; background_layout=&#8221;dark&#8221; custom_padding_last_edited=&#8221;off|phone&#8221; header_2_font_size_tablet=&#8221;40px&#8221; header_2_font_size_phone=&#8221;30px&#8221; header_2_font_size_last_edited=&#8221;on|phone&#8221; locked=&#8221;off&#8221; global_colors_info=&#8221;{}&#8221;]<\/p>\n<h2 class=\"gb-headline gb-headline-31681703 gb-headline-text\"><\/h2>\n<p>&nbsp;<\/p>\n<h2 class=\"gb-headline gb-headline-31681703 gb-headline-text\">\u00d3PERA LATE BRUNCH<\/h2>\n<h3 class=\"gb-headline gb-headline-e58a6de9 gb-headline-text\">Un brunch mucho m\u00e1s completo, servido en bandeja \u2013al igual que su versi\u00f3n original\u2013 con una amplia variedad de dulces y salados junto con un plato a elegir.<\/h3>\n<p>El \u00d3pera Late Brunch est\u00e1 disponible a partir de las 13 horas, todos los d\u00edas, e incluye un <strong>caf\u00e9 o infusi\u00f3n<\/strong> y <strong>zumo natural <\/strong>a elegir. Como si de un desayuno en la cama se tratara, en su bandeja no puede faltar una cesta de <strong>mini boller\u00eda variada \u2013<\/strong>con caracolas, napolitanas, palmeras de chocolate y croissants<strong>\u2013, <\/strong>y otra de <strong>pan de centeno<\/strong> y <strong>pan de semillas<\/strong> con su mantequilla y mermelada para untar al gusto. Todo ello acompa\u00f1ado de <strong>brocheta de fruta<\/strong>, <strong>yogurt griego con muesli<\/strong>, <strong>jam\u00f3n ib\u00e9rico<\/strong>, <strong>pavo braseado<\/strong>, <strong>queso gouda con nueces<\/strong>, <strong>mini crudit\u00e9s<\/strong> <strong>con salsa de<\/strong> <strong>queso azul<\/strong> <strong>y salm\u00f3n ahumado<\/strong>. Sin olvidar <strong>las croquetas caseras de jam\u00f3n<\/strong> y el <strong>aguacate a la parrilla<\/strong>.<\/p>\n<p>Pero hay m\u00e1s, porque los m\u00e1s remolones tendr\u00e1n la opci\u00f3n de elegir un plato principal, donde <strong>Huevos benedictinos trufados <\/strong>no pueden faltar. Los amantes de las hamburguesas contar\u00e1n con\u00a0 <strong>\u00d3pera Burger con patatas gajo<\/strong> o<strong> \u00d3pera Green Burger entre los platos principales. <\/strong>Y los que opten por una opci\u00f3n m\u00e1s saludable, el <strong>Tataki de at\u00fan sobre crema de aj\u00ed amarillo <\/strong>y las <strong>Alcachofas confitadas al toque de sal negra <\/strong>ser\u00e1n su mejor opci\u00f3n.<\/p>\n<p><strong>\u00d3pera Late Brunch:<\/strong> 37 \u20ac, persona (IVA incluido).<\/p>\n<p><em>Todos los d\u00edas<\/em><em> a partir de las 13 horas.<\/em><\/p>\n<p>[\/et_pb_text][et_pb_button button_url=&#8221;https:\/\/www.elcafedelaopera.com\/en\/book-now\/&#8221; button_text=&#8221;Book Now&#8221; button_alignment=&#8221;left&#8221; button_alignment_tablet=&#8221;left&#8221; button_alignment_phone=&#8221;center&#8221; button_alignment_last_edited=&#8221;on|phone&#8221; admin_label=&#8221;Bot\u00f3n reservar (en una fila)&#8221; _builder_version=&#8221;4.17.4&#8243; _module_preset=&#8221;default&#8221; custom_button=&#8221;on&#8221; button_text_size=&#8221;14px&#8221; button_text_color=&#8221;#baaf92&#8243; button_bg_color=&#8221;#160b00&#8243; button_border_width=&#8221;0px&#8221; button_border_radius=&#8221;0px&#8221; button_letter_spacing=&#8221;2px&#8221; button_font=&#8221;Montserrat|700||on|||||&#8221; custom_margin=&#8221;||||false|false&#8221; custom_padding=&#8221;17px|27px|17px|27px|true|true&#8221; custom_css_main_element=&#8221;display: inline-block;||float: left;||margin-right: 30px;&#8221; locked=&#8221;off&#8221; global_colors_info=&#8221;{%22gcid-1a4b6057-13ce-4197-8a52-7e95103d3861%22:%91%22button_bg_color__hover%22,%22button_bg_color__hover%22%93}&#8221; button_text_color__hover=&#8221;#FFFFFF&#8221; button_text_color__hover_enabled=&#8221;on|hover&#8221; button_border_color__hover=&#8221;#000000&#8243; button_border_color__hover_enabled=&#8221;on&#8221; button_bg_color__hover=&#8221;#4c0013&#8243; button_bg_color__hover_enabled=&#8221;on&#8221; button_bg_enable_color__hover=&#8221;on&#8221; custom_css_main_element_last_edited=&#8221;on|phone&#8221; custom_css_main_element_phone=&#8221;width: 100%;&#8221; custom_css_main_element_tablet=&#8221;display: inline-block;&#8221;][\/et_pb_button][et_pb_button button_url=&#8221;https:\/\/www.elcafedelaopera.com\/wp-content\/uploads\/2024\/07\/Menu-late-brunch-Story.pdf&#8221; button_text=&#8221;See the menu&#8221; button_alignment=&#8221;left&#8221; button_alignment_tablet=&#8221;left&#8221; button_alignment_phone=&#8221;center&#8221; button_alignment_last_edited=&#8221;on|phone&#8221; admin_label=&#8221;Bot\u00f3n ver men\u00fa (en una fila)&#8221; _builder_version=&#8221;4.24.0&#8243; _module_preset=&#8221;default&#8221; custom_button=&#8221;on&#8221; button_text_size=&#8221;14px&#8221; button_text_color=&#8221;#baaf92&#8243; button_bg_color=&#8221;#160b00&#8243; button_border_width=&#8221;0px&#8221; button_border_radius=&#8221;0px&#8221; button_letter_spacing=&#8221;2px&#8221; button_font=&#8221;Montserrat|700||on|||||&#8221; custom_margin=&#8221;||60px||false|false&#8221; custom_padding=&#8221;17px|27px|17px|27px|true|true&#8221; custom_css_main_element=&#8221;display: inline-block;||float: left;||margin-right: 30px;&#8221; locked=&#8221;off&#8221; global_colors_info=&#8221;{%22gcid-1a4b6057-13ce-4197-8a52-7e95103d3861%22:%91%22button_bg_color__hover%22,%22button_bg_color__hover%22%93}&#8221; button_text_color__hover=&#8221;#FFFFFF&#8221; button_text_color__hover_enabled=&#8221;on|hover&#8221; button_border_color__hover=&#8221;#000000&#8243; button_border_color__hover_enabled=&#8221;on&#8221; button_bg_color__hover=&#8221;#4c0013&#8243; button_bg_color__hover_enabled=&#8221;on&#8221; button_bg_enable_color__hover=&#8221;on&#8221; custom_css_main_element_last_edited=&#8221;on|phone&#8221; custom_css_main_element_phone=&#8221;width: 100%;&#8221; custom_css_main_element_tablet=&#8221;display: inline-block;&#8221;][\/et_pb_button][\/et_pb_column][\/et_pb_row][et_pb_row column_structure=&#8221;1_3,1_3,1_3&#8243; _builder_version=&#8221;4.24.0&#8243; _module_preset=&#8221;default&#8221; global_colors_info=&#8221;{}&#8221;][et_pb_column type=&#8221;1_3&#8243; _builder_version=&#8221;4.24.0&#8243; _module_preset=&#8221;default&#8221; global_colors_info=&#8221;{}&#8221;][et_pb_image src=&#8221;https:\/\/www.elcafedelaopera.com\/wp-content\/uploads\/2024\/07\/Opera-Late-Brunch-5-scaled.jpg&#8221; title_text=&#8221;huevos benedictine madrid&#8221; _builder_version=&#8221;4.24.0&#8243; _module_preset=&#8221;default&#8221; global_colors_info=&#8221;{}&#8221;][\/et_pb_image][\/et_pb_column][et_pb_column type=&#8221;1_3&#8243; _builder_version=&#8221;4.24.0&#8243; _module_preset=&#8221;default&#8221; global_colors_info=&#8221;{}&#8221;][et_pb_image src=&#8221;https:\/\/www.elcafedelaopera.com\/wp-content\/uploads\/2024\/07\/Opera-Late-Brunch-10-scaled.jpg&#8221; title_text=&#8221;O\u0301pera Late Brunch 10&#8243; _builder_version=&#8221;4.24.0&#8243; _module_preset=&#8221;default&#8221; global_colors_info=&#8221;{}&#8221;][\/et_pb_image][\/et_pb_column][et_pb_column type=&#8221;1_3&#8243; _builder_version=&#8221;4.24.0&#8243; _module_preset=&#8221;default&#8221; global_colors_info=&#8221;{}&#8221;][et_pb_image src=&#8221;https:\/\/www.elcafedelaopera.com\/wp-content\/uploads\/2024\/07\/IMG_5943-Enhanced-NR-scaled.jpg&#8221; title_text=&#8221;Tataki at\u00fan Madrid&#8221; _builder_version=&#8221;4.24.0&#8243; _module_preset=&#8221;default&#8221; global_colors_info=&#8221;{}&#8221;][\/et_pb_image][\/et_pb_column][\/et_pb_row][\/et_pb_section]<\/p>\n","protected":false},"excerpt":{"rendered":"<p>\u00d3pera Late Brunch &nbsp; \u00d3PERA LATE BRUNCH Un brunch mucho m\u00e1s completo, servido en bandeja \u2013al igual que su versi\u00f3n original\u2013 con una amplia variedad de dulces y salados junto con un plato a elegir. El \u00d3pera Late Brunch est\u00e1 disponible a partir de las 13 horas, todos los d\u00edas, e incluye un caf\u00e9 o [&hellip;]<\/p>\n","protected":false},"author":2,"featured_media":0,"parent":1198,"menu_order":0,"comment_status":"closed","ping_status":"closed","template":"","meta":{"_et_pb_use_builder":"on","_et_pb_old_content":"","_et_gb_content_width":"","footnotes":""},"class_list":["post-2130","page","type-page","status-publish","hentry"],"yoast_head":"<!-- This site is optimized with the Yoast SEO plugin v24.6 - https:\/\/yoast.com\/wordpress\/plugins\/seo\/ -->\n<title>Brunch every day<\/title>\n<meta name=\"description\" content=\"Deja de preguntarte qu\u00e9 es un brunch y ven a conocer el de El Caf\u00e9 de la \u00d3pera, en el centro de Madrid. Servido en terraza o la zona de...\" \/>\n<meta name=\"robots\" content=\"index, follow, max-snippet:-1, max-image-preview:large, max-video-preview:-1\" \/>\n<link rel=\"canonical\" href=\"https:\/\/www.elcafedelaopera.com\/en\/proposals\/brunch-3\/\" \/>\n<meta property=\"og:locale\" content=\"en_US\" \/>\n<meta property=\"og:type\" content=\"article\" \/>\n<meta property=\"og:title\" content=\"Brunch every day\" \/>\n<meta property=\"og:description\" content=\"Deja de preguntarte qu\u00e9 es un brunch y ven a conocer el de El Caf\u00e9 de la \u00d3pera, en el centro de Madrid. Servido en terraza o la zona de...\" \/>\n<meta property=\"og:url\" content=\"https:\/\/www.elcafedelaopera.com\/en\/proposals\/brunch-3\/\" \/>\n<meta property=\"og:site_name\" content=\"El Caf\u00e9 de la \u00d3pera\" \/>\n<meta property=\"article:publisher\" content=\"https:\/\/www.facebook.com\/elcafedelaopera\/\" \/>\n<meta property=\"article:modified_time\" content=\"2024-07-12T08:34:53+00:00\" \/>\n<meta property=\"og:image\" content=\"https:\/\/www.elcafedelaopera.com\/wp-content\/uploads\/2023\/06\/El-Cafe-de-la-opera-I-web-scaled.jpg\" \/>\n\t<meta property=\"og:image:width\" content=\"2560\" \/>\n\t<meta property=\"og:image:height\" content=\"1440\" \/>\n\t<meta property=\"og:image:type\" content=\"image\/jpeg\" \/>\n<meta name=\"twitter:card\" content=\"summary_large_image\" \/>\n<meta name=\"twitter:label1\" content=\"Est. reading time\" \/>\n\t<meta name=\"twitter:data1\" content=\"2 minutes\" \/>\n<script type=\"application\/ld+json\" class=\"yoast-schema-graph\">{\"@context\":\"https:\/\/schema.org\",\"@graph\":[{\"@type\":\"WebPage\",\"@id\":\"https:\/\/www.elcafedelaopera.com\/en\/proposals\/brunch-3\/\",\"url\":\"https:\/\/www.elcafedelaopera.com\/en\/proposals\/brunch-3\/\",\"name\":\"Brunch every day\",\"isPartOf\":{\"@id\":\"https:\/\/www.elcafedelaopera.com\/en\/#website\"},\"datePublished\":\"2024-07-11T08:13:15+00:00\",\"dateModified\":\"2024-07-12T08:34:53+00:00\",\"description\":\"Deja de preguntarte qu\u00e9 es un brunch y ven a conocer el de El Caf\u00e9 de la \u00d3pera, en el centro de Madrid. Servido en terraza o la zona de...\",\"breadcrumb\":{\"@id\":\"https:\/\/www.elcafedelaopera.com\/en\/proposals\/brunch-3\/#breadcrumb\"},\"inLanguage\":\"en-US\",\"potentialAction\":[{\"@type\":\"ReadAction\",\"target\":[\"https:\/\/www.elcafedelaopera.com\/en\/proposals\/brunch-3\/\"]}]},{\"@type\":\"BreadcrumbList\",\"@id\":\"https:\/\/www.elcafedelaopera.com\/en\/proposals\/brunch-3\/#breadcrumb\",\"itemListElement\":[{\"@type\":\"ListItem\",\"position\":1,\"name\":\"Portada\",\"item\":\"https:\/\/www.elcafedelaopera.com\/en\/\"},{\"@type\":\"ListItem\",\"position\":2,\"name\":\"Planes\",\"item\":\"https:\/\/www.elcafedelaopera.com\/en\/proposals\/\"},{\"@type\":\"ListItem\",\"position\":3,\"name\":\"\u00d3pera Brunch\"}]},{\"@type\":\"WebSite\",\"@id\":\"https:\/\/www.elcafedelaopera.com\/en\/#website\",\"url\":\"https:\/\/www.elcafedelaopera.com\/en\/\",\"name\":\"El Caf\u00e9 de la \u00d3pera\",\"description\":\"Restaurante y terraza junto al Teatro Real\",\"publisher\":{\"@id\":\"https:\/\/www.elcafedelaopera.com\/en\/#organization\"},\"potentialAction\":[{\"@type\":\"SearchAction\",\"target\":{\"@type\":\"EntryPoint\",\"urlTemplate\":\"https:\/\/www.elcafedelaopera.com\/en\/?s={search_term_string}\"},\"query-input\":{\"@type\":\"PropertyValueSpecification\",\"valueRequired\":true,\"valueName\":\"search_term_string\"}}],\"inLanguage\":\"en-US\"},{\"@type\":\"Organization\",\"@id\":\"https:\/\/www.elcafedelaopera.com\/en\/#organization\",\"name\":\"El Caf\u00e9 de la \u00d3pera\",\"url\":\"https:\/\/www.elcafedelaopera.com\/en\/\",\"logo\":{\"@type\":\"ImageObject\",\"inLanguage\":\"en-US\",\"@id\":\"https:\/\/www.elcafedelaopera.com\/en\/#\/schema\/logo\/image\/\",\"url\":\"https:\/\/www.elcafedelaopera.com\/wp-content\/uploads\/2023\/06\/El-Cafe-de-la-opera-I-lfondo-blanco-para-instagram.jpg\",\"contentUrl\":\"https:\/\/www.elcafedelaopera.com\/wp-content\/uploads\/2023\/06\/El-Cafe-de-la-opera-I-lfondo-blanco-para-instagram.jpg\",\"width\":772,\"height\":804,\"caption\":\"El Caf\u00e9 de la \u00d3pera\"},\"image\":{\"@id\":\"https:\/\/www.elcafedelaopera.com\/en\/#\/schema\/logo\/image\/\"},\"sameAs\":[\"https:\/\/www.facebook.com\/elcafedelaopera\/\",\"https:\/\/www.instagram.com\/elcafedelaopera\/\",\"https:\/\/www.tiktok.com\/@elcafedelaopera\"]}]}<\/script>\n<!-- \/ Yoast SEO plugin. -->","yoast_head_json":{"title":"Brunch every day","description":"Deja de preguntarte qu\u00e9 es un brunch y ven a conocer el de El Caf\u00e9 de la \u00d3pera, en el centro de Madrid. Servido en terraza o la zona de...","robots":{"index":"index","follow":"follow","max-snippet":"max-snippet:-1","max-image-preview":"max-image-preview:large","max-video-preview":"max-video-preview:-1"},"canonical":"https:\/\/www.elcafedelaopera.com\/en\/proposals\/brunch-3\/","og_locale":"en_US","og_type":"article","og_title":"Brunch every day","og_description":"Deja de preguntarte qu\u00e9 es un brunch y ven a conocer el de El Caf\u00e9 de la \u00d3pera, en el centro de Madrid. Servido en terraza o la zona de...","og_url":"https:\/\/www.elcafedelaopera.com\/en\/proposals\/brunch-3\/","og_site_name":"El Caf\u00e9 de la \u00d3pera","article_publisher":"https:\/\/www.facebook.com\/elcafedelaopera\/","article_modified_time":"2024-07-12T08:34:53+00:00","og_image":[{"width":2560,"height":1440,"url":"https:\/\/www.elcafedelaopera.com\/wp-content\/uploads\/2023\/06\/El-Cafe-de-la-opera-I-web-scaled.jpg","type":"image\/jpeg"}],"twitter_card":"summary_large_image","twitter_misc":{"Est. reading time":"2 minutes"},"schema":{"@context":"https:\/\/schema.org","@graph":[{"@type":"WebPage","@id":"https:\/\/www.elcafedelaopera.com\/en\/proposals\/brunch-3\/","url":"https:\/\/www.elcafedelaopera.com\/en\/proposals\/brunch-3\/","name":"Brunch every day","isPartOf":{"@id":"https:\/\/www.elcafedelaopera.com\/en\/#website"},"datePublished":"2024-07-11T08:13:15+00:00","dateModified":"2024-07-12T08:34:53+00:00","description":"Deja de preguntarte qu\u00e9 es un brunch y ven a conocer el de El Caf\u00e9 de la \u00d3pera, en el centro de Madrid. Servido en terraza o la zona de...","breadcrumb":{"@id":"https:\/\/www.elcafedelaopera.com\/en\/proposals\/brunch-3\/#breadcrumb"},"inLanguage":"en-US","potentialAction":[{"@type":"ReadAction","target":["https:\/\/www.elcafedelaopera.com\/en\/proposals\/brunch-3\/"]}]},{"@type":"BreadcrumbList","@id":"https:\/\/www.elcafedelaopera.com\/en\/proposals\/brunch-3\/#breadcrumb","itemListElement":[{"@type":"ListItem","position":1,"name":"Portada","item":"https:\/\/www.elcafedelaopera.com\/en\/"},{"@type":"ListItem","position":2,"name":"Planes","item":"https:\/\/www.elcafedelaopera.com\/en\/proposals\/"},{"@type":"ListItem","position":3,"name":"\u00d3pera Brunch"}]},{"@type":"WebSite","@id":"https:\/\/www.elcafedelaopera.com\/en\/#website","url":"https:\/\/www.elcafedelaopera.com\/en\/","name":"El Caf\u00e9 de la \u00d3pera","description":"Restaurante y terraza junto al Teatro Real","publisher":{"@id":"https:\/\/www.elcafedelaopera.com\/en\/#organization"},"potentialAction":[{"@type":"SearchAction","target":{"@type":"EntryPoint","urlTemplate":"https:\/\/www.elcafedelaopera.com\/en\/?s={search_term_string}"},"query-input":{"@type":"PropertyValueSpecification","valueRequired":true,"valueName":"search_term_string"}}],"inLanguage":"en-US"},{"@type":"Organization","@id":"https:\/\/www.elcafedelaopera.com\/en\/#organization","name":"El Caf\u00e9 de la \u00d3pera","url":"https:\/\/www.elcafedelaopera.com\/en\/","logo":{"@type":"ImageObject","inLanguage":"en-US","@id":"https:\/\/www.elcafedelaopera.com\/en\/#\/schema\/logo\/image\/","url":"https:\/\/www.elcafedelaopera.com\/wp-content\/uploads\/2023\/06\/El-Cafe-de-la-opera-I-lfondo-blanco-para-instagram.jpg","contentUrl":"https:\/\/www.elcafedelaopera.com\/wp-content\/uploads\/2023\/06\/El-Cafe-de-la-opera-I-lfondo-blanco-para-instagram.jpg","width":772,"height":804,"caption":"El Caf\u00e9 de la \u00d3pera"},"image":{"@id":"https:\/\/www.elcafedelaopera.com\/en\/#\/schema\/logo\/image\/"},"sameAs":["https:\/\/www.facebook.com\/elcafedelaopera\/","https:\/\/www.instagram.com\/elcafedelaopera\/","https:\/\/www.tiktok.com\/@elcafedelaopera"]}]}},"_links":{"self":[{"href":"https:\/\/www.elcafedelaopera.com\/en\/wp-json\/wp\/v2\/pages\/2130","targetHints":{"allow":["GET"]}}],"collection":[{"href":"https:\/\/www.elcafedelaopera.com\/en\/wp-json\/wp\/v2\/pages"}],"about":[{"href":"https:\/\/www.elcafedelaopera.com\/en\/wp-json\/wp\/v2\/types\/page"}],"author":[{"embeddable":true,"href":"https:\/\/www.elcafedelaopera.com\/en\/wp-json\/wp\/v2\/users\/2"}],"replies":[{"embeddable":true,"href":"https:\/\/www.elcafedelaopera.com\/en\/wp-json\/wp\/v2\/comments?post=2130"}],"version-history":[{"count":4,"href":"https:\/\/www.elcafedelaopera.com\/en\/wp-json\/wp\/v2\/pages\/2130\/revisions"}],"predecessor-version":[{"id":2180,"href":"https:\/\/www.elcafedelaopera.com\/en\/wp-json\/wp\/v2\/pages\/2130\/revisions\/2180"}],"up":[{"embeddable":true,"href":"https:\/\/www.elcafedelaopera.com\/en\/wp-json\/wp\/v2\/pages\/1198"}],"wp:attachment":[{"href":"https:\/\/www.elcafedelaopera.com\/en\/wp-json\/wp\/v2\/media?parent=2130"}],"curies":[{"name":"wp","href":"https:\/\/api.w.org\/{rel}","templated":true}]}}