{"id":1211,"date":"2023-06-13T15:18:36","date_gmt":"2023-06-13T13:18:36","guid":{"rendered":"https:\/\/www.elcafedelaopera.com\/proposals\/menu-ejecutivo-preludio\/"},"modified":"2023-10-30T10:58:55","modified_gmt":"2023-10-30T08:58:55","slug":"menu-ejecutivo-preludio","status":"publish","type":"page","link":"https:\/\/www.elcafedelaopera.com\/en\/proposals\/menu-ejecutivo-preludio\/","title":{"rendered":"Daily menu: Preludio"},"content":{"rendered":"<p>[et_pb_section fb_built=&#8221;1&#8243; custom_padding_last_edited=&#8221;on|desktop&#8221; admin_label=&#8221;Encabezado&#8221; _builder_version=&#8221;4.17.4&#8243; _module_preset=&#8221;default&#8221; background_color=&#8221;#160b00&#8243; use_background_color_gradient=&#8221;on&#8221; background_color_gradient_direction=&#8221;90deg&#8221; background_color_gradient_stops=&#8221;#000000 0%|rgba(255,255,255,0) 51%&#8221; background_color_gradient_overlays_image=&#8221;on&#8221; background_image=&#8221;https:\/\/elcafedelaopera.com\/\/wp-content\/uploads\/2023\/06\/Menu-ejecutivo-ensalada.jpg&#8221; background_position=&#8221;top_right&#8221; background_horizontal_offset=&#8221;0%&#8221; background_vertical_offset=&#8221;34%&#8221; min_height=&#8221;60vh&#8221; min_height_tablet=&#8221;100vh&#8221; min_height_phone=&#8221;60vh&#8221; min_height_last_edited=&#8221;on|phone&#8221; custom_padding=&#8221;10vw||10vw||true|false&#8221; custom_padding_tablet=&#8221;|0px|||false|false&#8221; custom_padding_phone=&#8221;|40px|||false|false&#8221; saved_tabs=&#8221;all&#8221; locked=&#8221;off&#8221; collapsed=&#8221;off&#8221; global_colors_info=&#8221;{}&#8221;][et_pb_row _builder_version=&#8221;4.16&#8243; _module_preset=&#8221;default&#8221; locked=&#8221;off&#8221; global_colors_info=&#8221;{}&#8221;][et_pb_column type=&#8221;4_4&#8243; _builder_version=&#8221;4.16&#8243; _module_preset=&#8221;default&#8221; global_colors_info=&#8221;{}&#8221;][et_pb_text _builder_version=&#8221;4.17.4&#8243; _module_preset=&#8221;default&#8221; text_text_color=&#8221;rgba(255,207,154,0.7)&#8221; text_font_size=&#8221;16px&#8221; text_line_height=&#8221;1.8em&#8221; header_font=&#8221;Playfair Display||||||||&#8221; header_text_color=&#8221;#ffebd6&#8243; header_font_size=&#8221;3vw&#8221; header_line_height=&#8221;1.6em&#8221; background_layout=&#8221;dark&#8221; header_font_size_tablet=&#8221;70px&#8221; header_font_size_phone=&#8221;40px&#8221; header_font_size_last_edited=&#8221;on|desktop&#8221; locked=&#8221;off&#8221; global_colors_info=&#8221;{}&#8221;]<\/p>\n<h1>Menu at noon<\/h1>\n<p>[\/et_pb_text][\/et_pb_column][\/et_pb_row][\/et_pb_section][et_pb_section fb_built=&#8221;1&#8243; disabled_on=&#8221;off|off|off&#8221; admin_label=&#8221;Texto original&#8221; module_id=&#8221;una-cena-cantada&#8221; _builder_version=&#8221;4.17.4&#8243; _module_preset=&#8221;default&#8221; background_color=&#8221;#FFFFFF&#8221; locked=&#8221;off&#8221; collapsed=&#8221;off&#8221; global_colors_info=&#8221;{}&#8221;][et_pb_row column_structure=&#8221;2_5,3_5&#8243; _builder_version=&#8221;4.17.4&#8243; _module_preset=&#8221;default&#8221; width_tablet=&#8221;&#8221; width_phone=&#8221;90%&#8221; width_last_edited=&#8221;on|phone&#8221; custom_margin=&#8221;|auto|2px|auto||&#8221; global_colors_info=&#8221;{}&#8221;][et_pb_column type=&#8221;2_5&#8243; _builder_version=&#8221;4.17.4&#8243; _module_preset=&#8221;default&#8221; border_width_all=&#8221;2px&#8221; border_color_all=&#8221;#000000&#8243; global_colors_info=&#8221;{}&#8221;][et_pb_gallery gallery_ids=&#8221;1522&#8243; fullwidth=&#8221;on&#8221; _builder_version=&#8221;4.17.4&#8243; _module_preset=&#8221;default&#8221; title_text_color=&#8221;#FFFFFF&#8221; pagination_text_color=&#8221;#FFFFFF&#8221; background_layout=&#8221;dark&#8221; custom_margin=&#8221;30px|-30px|30px|30px|true|false&#8221; custom_margin_tablet=&#8221;30px|-30px|30px|30px|true|false&#8221; custom_margin_phone=&#8221;15px|-15px|15px|15px|true|false&#8221; custom_margin_last_edited=&#8221;on|phone&#8221; global_colors_info=&#8221;{}&#8221;][\/et_pb_gallery][\/et_pb_column][et_pb_column type=&#8221;3_5&#8243; _builder_version=&#8221;4.17.4&#8243; _module_preset=&#8221;default&#8221; custom_padding=&#8221;20px|30px||30px|false|true&#8221; custom_padding_tablet=&#8221;0px||||false|false&#8221; custom_padding_phone=&#8221;|0px||0px|false|true&#8221; custom_padding_last_edited=&#8221;on|phone&#8221; global_colors_info=&#8221;{}&#8221;][et_pb_text admin_label=&#8221;Texto&#8221; _builder_version=&#8221;4.17.4&#8243; _module_preset=&#8221;default&#8221; text_text_color=&#8221;#000000&#8243; text_font_size=&#8221;18px&#8221; text_line_height=&#8221;1.8em&#8221; header_text_color=&#8221;#000000&#8243; header_font_size=&#8221;44px&#8221; header_line_height=&#8221;2em&#8221; header_2_font=&#8221;Playfair Display||||||||&#8221; header_2_text_color=&#8221;#000000&#8243; header_2_font_size=&#8221;44px&#8221; header_2_line_height=&#8221;1.2em&#8221; header_3_font=&#8221;|700||on|||||&#8221; header_3_text_color=&#8221;#000000&#8243; header_3_font_size=&#8221;16px&#8221; header_3_letter_spacing=&#8221;2px&#8221; header_3_line_height=&#8221;2em&#8221; background_layout=&#8221;dark&#8221; custom_padding_last_edited=&#8221;off|phone&#8221; header_2_font_size_tablet=&#8221;40px&#8221; header_2_font_size_phone=&#8221;30px&#8221; header_2_font_size_last_edited=&#8221;on|phone&#8221; locked=&#8221;off&#8221; global_colors_info=&#8221;{}&#8221;]<\/p>\n<h2 class=\"gb-headline gb-headline-31681703 gb-headline-text\"><\/h2>\n<p>&nbsp;<\/p>\n<h2 class=\"gb-headline gb-headline-31681703 gb-headline-text\">Daily menu: Preludio<\/h2>\n<h3 class=\"gb-headline gb-headline-ffa37efa gb-headline-text\">With the arrival of cold weather, El Caf\u00e9 de la \u00d3pera renews its more informal menu, at midday and exclusively on Mondays and exclusively from Monday to Friday, not public holidays.<\/h3>\n<h3>An executive menu where you can choose a starter, main course and dessert; and enjoy some of the most representative dishes from its recently renovated menu.<\/h3>\n<p>For lovers of gastronomy and quality products, <strong>El Caf\u00e9 de la \u00d3pera<\/strong> (c\/ Arrieta, 6) is renewing its Preludio Menu. A complete executive menu in which you can enjoy -in a more informal way- some of the most iconic dishes from its menu with a starter, main course and dessert of your choice. Available exclusively in the gastrobar area, you can find it from Monday to Friday (not public holidays) at midday.<\/p>\n<p>An unbeatable gastronomic proposal that among its starters offers <strong>Grandma&#8217;s dish of the day<\/strong>, depending on the season, c<strong>hef&#8217;s suggestion salad<\/strong>, <strong>corn tacos with carnitas, pico de gallo and salsa verde<\/strong>, <strong>deconstructed potato omelette with mushroom cream<\/strong>, and <strong>grilled artichoke confit flower<\/strong> (+2 \u20ac).<\/p>\n<p>Among the main courses, there are healthy options such as <strong>cod stewed with homemade tomato sauce<\/strong> or <strong>salmon with cava reduction sauce, semi-dried tomato and pistachios<\/strong>. Carnivores can choose from the <strong>pork ribs with homemade barbecue sauce and chips<\/strong> or the <strong>pork loin with wedge potatoes<\/strong> (+4 \u20ac). And if you&#8217;re looking for something more exotic, <strong>chicken curry with basmati rice<\/strong>.<\/p>\n<p>Not forgetting dessert, with a choice of <strong>fresh fruit fan<\/strong> or<strong> seasonal pudding<\/strong>. Drinks not included.<\/p>\n<p><strong>Preludio Menu:<\/strong> 19,95 \u20ac (VAT included)<br \/><em>Available from Monday to Friday (not public holidays) from 13:00 to 15:45 h.<\/em><\/p>\n<p>&nbsp;<\/p>\n<div class=\"wp-container-1 wp-block-buttons\"><\/div>\n<p>[\/et_pb_text][et_pb_button button_url=&#8221;\/en\/book-now&#8221; button_text=&#8221;Book Now&#8221; button_alignment=&#8221;left&#8221; button_alignment_tablet=&#8221;left&#8221; button_alignment_phone=&#8221;center&#8221; button_alignment_last_edited=&#8221;on|phone&#8221; admin_label=&#8221;Bot\u00f3n reservar (en una fila)&#8221; _builder_version=&#8221;4.17.4&#8243; _module_preset=&#8221;default&#8221; custom_button=&#8221;on&#8221; button_text_size=&#8221;14px&#8221; button_text_color=&#8221;#baaf92&#8243; button_bg_color=&#8221;#160b00&#8243; button_border_width=&#8221;0px&#8221; button_border_radius=&#8221;0px&#8221; button_letter_spacing=&#8221;2px&#8221; button_font=&#8221;Montserrat|700||on|||||&#8221; custom_margin=&#8221;||||false|false&#8221; custom_padding=&#8221;17px|27px|17px|27px|true|true&#8221; custom_css_main_element=&#8221;display: inline-block;||float: left;||margin-right: 30px;&#8221; locked=&#8221;off&#8221; global_colors_info=&#8221;{%22gcid-1a4b6057-13ce-4197-8a52-7e95103d3861%22:%91%22button_bg_color__hover%22,%22button_bg_color__hover%22%93}&#8221; button_text_color__hover=&#8221;#FFFFFF&#8221; button_text_color__hover_enabled=&#8221;on|hover&#8221; button_border_color__hover=&#8221;#000000&#8243; button_border_color__hover_enabled=&#8221;on&#8221; button_bg_color__hover=&#8221;#4c0013&#8243; button_bg_color__hover_enabled=&#8221;on&#8221; button_bg_enable_color__hover=&#8221;on&#8221; custom_css_main_element_last_edited=&#8221;on|phone&#8221; custom_css_main_element_phone=&#8221;width: 100%;&#8221; custom_css_main_element_tablet=&#8221;display: inline-block;&#8221;][\/et_pb_button][et_pb_button button_url=&#8221;https:\/\/www.elcafedelaopera.com\/wp-content\/uploads\/2023\/08\/Menu-ejecutivo-PRELUDIO-ING-1-scaled.jpg&#8221; button_text=&#8221;See the menu&#8221; button_alignment=&#8221;left&#8221; button_alignment_tablet=&#8221;left&#8221; button_alignment_phone=&#8221;center&#8221; button_alignment_last_edited=&#8221;on|phone&#8221; admin_label=&#8221;Bot\u00f3n ver men\u00fa (en una fila)&#8221; _builder_version=&#8221;4.17.4&#8243; _module_preset=&#8221;default&#8221; custom_button=&#8221;on&#8221; button_text_size=&#8221;14px&#8221; button_text_color=&#8221;#baaf92&#8243; button_bg_color=&#8221;#160b00&#8243; button_border_width=&#8221;0px&#8221; button_border_radius=&#8221;0px&#8221; button_letter_spacing=&#8221;2px&#8221; button_font=&#8221;Montserrat|700||on|||||&#8221; custom_margin=&#8221;||||false|false&#8221; custom_padding=&#8221;17px|27px|17px|27px|true|true&#8221; hover_enabled=&#8221;0&#8243; custom_css_main_element=&#8221;display: inline-block;||float: left;||margin-right: 30px;&#8221; locked=&#8221;off&#8221; global_colors_info=&#8221;{%22gcid-1a4b6057-13ce-4197-8a52-7e95103d3861%22:%91%22button_bg_color__hover%22,%22button_bg_color__hover%22%93}&#8221; button_text_color__hover=&#8221;#FFFFFF&#8221; button_text_color__hover_enabled=&#8221;on|hover&#8221; button_border_color__hover=&#8221;#000000&#8243; button_border_color__hover_enabled=&#8221;on&#8221; button_bg_color__hover=&#8221;#4c0013&#8243; button_bg_color__hover_enabled=&#8221;on&#8221; button_bg_enable_color__hover=&#8221;on&#8221; custom_css_main_element_last_edited=&#8221;on|phone&#8221; custom_css_main_element_phone=&#8221;width: 100%;&#8221; custom_css_main_element_tablet=&#8221;display: inline-block;&#8221; sticky_enabled=&#8221;0&#8243;][\/et_pb_button][\/et_pb_column][\/et_pb_row][\/et_pb_section]<\/p>\n","protected":false},"excerpt":{"rendered":"<p>Menu at noon &nbsp; Daily menu: Preludio With the arrival of cold weather, El Caf\u00e9 de la \u00d3pera renews its more informal menu, at midday and exclusively on Mondays and exclusively from Monday to Friday, not public holidays. An executive menu where you can choose a starter, main course and dessert; and enjoy some of [&hellip;]<\/p>\n","protected":false},"author":2,"featured_media":0,"parent":1198,"menu_order":0,"comment_status":"closed","ping_status":"closed","template":"","meta":{"_et_pb_use_builder":"on","_et_pb_old_content":"","_et_gb_content_width":"","footnotes":""},"class_list":["post-1211","page","type-page","status-publish","hentry"],"yoast_head":"<!-- This site is optimized with the Yoast SEO plugin v24.6 - https:\/\/yoast.com\/wordpress\/plugins\/seo\/ -->\n<title>Men\u00fa del d\u00eda en el centro de Madrid<\/title>\n<meta name=\"description\" content=\"De lunes a viernes a mediod\u00eda (no festivos) disfruta del men\u00fa ejecutivo Preludio. Primero, segundo y postre, con recetas de cocina casera...\" \/>\n<meta name=\"robots\" content=\"index, follow, max-snippet:-1, max-image-preview:large, max-video-preview:-1\" \/>\n<link rel=\"canonical\" href=\"https:\/\/www.elcafedelaopera.com\/en\/proposals\/menu-ejecutivo-preludio\/\" \/>\n<meta property=\"og:locale\" content=\"en_US\" \/>\n<meta property=\"og:type\" content=\"article\" \/>\n<meta property=\"og:title\" content=\"Men\u00fa del d\u00eda en el centro de Madrid\" \/>\n<meta property=\"og:description\" content=\"De lunes a viernes a mediod\u00eda (no festivos) disfruta del men\u00fa ejecutivo Preludio. Primero, segundo y postre, con recetas de cocina casera...\" \/>\n<meta property=\"og:url\" content=\"https:\/\/www.elcafedelaopera.com\/en\/proposals\/menu-ejecutivo-preludio\/\" \/>\n<meta property=\"og:site_name\" content=\"El Caf\u00e9 de la \u00d3pera\" \/>\n<meta property=\"article:publisher\" content=\"https:\/\/www.facebook.com\/elcafedelaopera\/\" \/>\n<meta property=\"article:modified_time\" content=\"2023-10-30T08:58:55+00:00\" \/>\n<meta property=\"og:image\" content=\"https:\/\/www.elcafedelaopera.com\/wp-content\/uploads\/2023\/06\/El-Cafe-de-la-opera-I-web-scaled.jpg\" \/>\n\t<meta property=\"og:image:width\" content=\"2560\" \/>\n\t<meta property=\"og:image:height\" content=\"1440\" \/>\n\t<meta property=\"og:image:type\" content=\"image\/jpeg\" \/>\n<meta name=\"twitter:card\" content=\"summary_large_image\" \/>\n<meta name=\"twitter:label1\" content=\"Est. reading time\" \/>\n\t<meta name=\"twitter:data1\" content=\"3 minutes\" \/>\n<script type=\"application\/ld+json\" class=\"yoast-schema-graph\">{\"@context\":\"https:\/\/schema.org\",\"@graph\":[{\"@type\":\"WebPage\",\"@id\":\"https:\/\/www.elcafedelaopera.com\/en\/proposals\/menu-ejecutivo-preludio\/\",\"url\":\"https:\/\/www.elcafedelaopera.com\/en\/proposals\/menu-ejecutivo-preludio\/\",\"name\":\"Men\u00fa del d\u00eda en el centro de Madrid\",\"isPartOf\":{\"@id\":\"https:\/\/www.elcafedelaopera.com\/en\/#website\"},\"datePublished\":\"2023-06-13T13:18:36+00:00\",\"dateModified\":\"2023-10-30T08:58:55+00:00\",\"description\":\"De lunes a viernes a mediod\u00eda (no festivos) disfruta del men\u00fa ejecutivo Preludio. Primero, segundo y postre, con recetas de cocina casera...\",\"breadcrumb\":{\"@id\":\"https:\/\/www.elcafedelaopera.com\/en\/proposals\/menu-ejecutivo-preludio\/#breadcrumb\"},\"inLanguage\":\"en-US\",\"potentialAction\":[{\"@type\":\"ReadAction\",\"target\":[\"https:\/\/www.elcafedelaopera.com\/en\/proposals\/menu-ejecutivo-preludio\/\"]}]},{\"@type\":\"BreadcrumbList\",\"@id\":\"https:\/\/www.elcafedelaopera.com\/en\/proposals\/menu-ejecutivo-preludio\/#breadcrumb\",\"itemListElement\":[{\"@type\":\"ListItem\",\"position\":1,\"name\":\"Portada\",\"item\":\"https:\/\/www.elcafedelaopera.com\/en\/\"},{\"@type\":\"ListItem\",\"position\":2,\"name\":\"Planes\",\"item\":\"https:\/\/www.elcafedelaopera.com\/en\/proposals\/\"},{\"@type\":\"ListItem\",\"position\":3,\"name\":\"Daily menu: Preludio\"}]},{\"@type\":\"WebSite\",\"@id\":\"https:\/\/www.elcafedelaopera.com\/en\/#website\",\"url\":\"https:\/\/www.elcafedelaopera.com\/en\/\",\"name\":\"El Caf\u00e9 de la \u00d3pera\",\"description\":\"Restaurante y terraza junto al Teatro Real\",\"publisher\":{\"@id\":\"https:\/\/www.elcafedelaopera.com\/en\/#organization\"},\"potentialAction\":[{\"@type\":\"SearchAction\",\"target\":{\"@type\":\"EntryPoint\",\"urlTemplate\":\"https:\/\/www.elcafedelaopera.com\/en\/?s={search_term_string}\"},\"query-input\":{\"@type\":\"PropertyValueSpecification\",\"valueRequired\":true,\"valueName\":\"search_term_string\"}}],\"inLanguage\":\"en-US\"},{\"@type\":\"Organization\",\"@id\":\"https:\/\/www.elcafedelaopera.com\/en\/#organization\",\"name\":\"El Caf\u00e9 de la \u00d3pera\",\"url\":\"https:\/\/www.elcafedelaopera.com\/en\/\",\"logo\":{\"@type\":\"ImageObject\",\"inLanguage\":\"en-US\",\"@id\":\"https:\/\/www.elcafedelaopera.com\/en\/#\/schema\/logo\/image\/\",\"url\":\"https:\/\/www.elcafedelaopera.com\/wp-content\/uploads\/2023\/06\/El-Cafe-de-la-opera-I-lfondo-blanco-para-instagram.jpg\",\"contentUrl\":\"https:\/\/www.elcafedelaopera.com\/wp-content\/uploads\/2023\/06\/El-Cafe-de-la-opera-I-lfondo-blanco-para-instagram.jpg\",\"width\":772,\"height\":804,\"caption\":\"El Caf\u00e9 de la \u00d3pera\"},\"image\":{\"@id\":\"https:\/\/www.elcafedelaopera.com\/en\/#\/schema\/logo\/image\/\"},\"sameAs\":[\"https:\/\/www.facebook.com\/elcafedelaopera\/\",\"https:\/\/www.instagram.com\/elcafedelaopera\/\",\"https:\/\/www.tiktok.com\/@elcafedelaopera\"]}]}<\/script>\n<!-- \/ Yoast SEO plugin. -->","yoast_head_json":{"title":"Men\u00fa del d\u00eda en el centro de Madrid","description":"De lunes a viernes a mediod\u00eda (no festivos) disfruta del men\u00fa ejecutivo Preludio. Primero, segundo y postre, con recetas de cocina casera...","robots":{"index":"index","follow":"follow","max-snippet":"max-snippet:-1","max-image-preview":"max-image-preview:large","max-video-preview":"max-video-preview:-1"},"canonical":"https:\/\/www.elcafedelaopera.com\/en\/proposals\/menu-ejecutivo-preludio\/","og_locale":"en_US","og_type":"article","og_title":"Men\u00fa del d\u00eda en el centro de Madrid","og_description":"De lunes a viernes a mediod\u00eda (no festivos) disfruta del men\u00fa ejecutivo Preludio. Primero, segundo y postre, con recetas de cocina casera...","og_url":"https:\/\/www.elcafedelaopera.com\/en\/proposals\/menu-ejecutivo-preludio\/","og_site_name":"El Caf\u00e9 de la \u00d3pera","article_publisher":"https:\/\/www.facebook.com\/elcafedelaopera\/","article_modified_time":"2023-10-30T08:58:55+00:00","og_image":[{"width":2560,"height":1440,"url":"https:\/\/www.elcafedelaopera.com\/wp-content\/uploads\/2023\/06\/El-Cafe-de-la-opera-I-web-scaled.jpg","type":"image\/jpeg"}],"twitter_card":"summary_large_image","twitter_misc":{"Est. reading time":"3 minutes"},"schema":{"@context":"https:\/\/schema.org","@graph":[{"@type":"WebPage","@id":"https:\/\/www.elcafedelaopera.com\/en\/proposals\/menu-ejecutivo-preludio\/","url":"https:\/\/www.elcafedelaopera.com\/en\/proposals\/menu-ejecutivo-preludio\/","name":"Men\u00fa del d\u00eda en el centro de Madrid","isPartOf":{"@id":"https:\/\/www.elcafedelaopera.com\/en\/#website"},"datePublished":"2023-06-13T13:18:36+00:00","dateModified":"2023-10-30T08:58:55+00:00","description":"De lunes a viernes a mediod\u00eda (no festivos) disfruta del men\u00fa ejecutivo Preludio. Primero, segundo y postre, con recetas de cocina casera...","breadcrumb":{"@id":"https:\/\/www.elcafedelaopera.com\/en\/proposals\/menu-ejecutivo-preludio\/#breadcrumb"},"inLanguage":"en-US","potentialAction":[{"@type":"ReadAction","target":["https:\/\/www.elcafedelaopera.com\/en\/proposals\/menu-ejecutivo-preludio\/"]}]},{"@type":"BreadcrumbList","@id":"https:\/\/www.elcafedelaopera.com\/en\/proposals\/menu-ejecutivo-preludio\/#breadcrumb","itemListElement":[{"@type":"ListItem","position":1,"name":"Portada","item":"https:\/\/www.elcafedelaopera.com\/en\/"},{"@type":"ListItem","position":2,"name":"Planes","item":"https:\/\/www.elcafedelaopera.com\/en\/proposals\/"},{"@type":"ListItem","position":3,"name":"Daily menu: Preludio"}]},{"@type":"WebSite","@id":"https:\/\/www.elcafedelaopera.com\/en\/#website","url":"https:\/\/www.elcafedelaopera.com\/en\/","name":"El Caf\u00e9 de la \u00d3pera","description":"Restaurante y terraza junto al Teatro Real","publisher":{"@id":"https:\/\/www.elcafedelaopera.com\/en\/#organization"},"potentialAction":[{"@type":"SearchAction","target":{"@type":"EntryPoint","urlTemplate":"https:\/\/www.elcafedelaopera.com\/en\/?s={search_term_string}"},"query-input":{"@type":"PropertyValueSpecification","valueRequired":true,"valueName":"search_term_string"}}],"inLanguage":"en-US"},{"@type":"Organization","@id":"https:\/\/www.elcafedelaopera.com\/en\/#organization","name":"El Caf\u00e9 de la \u00d3pera","url":"https:\/\/www.elcafedelaopera.com\/en\/","logo":{"@type":"ImageObject","inLanguage":"en-US","@id":"https:\/\/www.elcafedelaopera.com\/en\/#\/schema\/logo\/image\/","url":"https:\/\/www.elcafedelaopera.com\/wp-content\/uploads\/2023\/06\/El-Cafe-de-la-opera-I-lfondo-blanco-para-instagram.jpg","contentUrl":"https:\/\/www.elcafedelaopera.com\/wp-content\/uploads\/2023\/06\/El-Cafe-de-la-opera-I-lfondo-blanco-para-instagram.jpg","width":772,"height":804,"caption":"El Caf\u00e9 de la \u00d3pera"},"image":{"@id":"https:\/\/www.elcafedelaopera.com\/en\/#\/schema\/logo\/image\/"},"sameAs":["https:\/\/www.facebook.com\/elcafedelaopera\/","https:\/\/www.instagram.com\/elcafedelaopera\/","https:\/\/www.tiktok.com\/@elcafedelaopera"]}]}},"_links":{"self":[{"href":"https:\/\/www.elcafedelaopera.com\/en\/wp-json\/wp\/v2\/pages\/1211","targetHints":{"allow":["GET"]}}],"collection":[{"href":"https:\/\/www.elcafedelaopera.com\/en\/wp-json\/wp\/v2\/pages"}],"about":[{"href":"https:\/\/www.elcafedelaopera.com\/en\/wp-json\/wp\/v2\/types\/page"}],"author":[{"embeddable":true,"href":"https:\/\/www.elcafedelaopera.com\/en\/wp-json\/wp\/v2\/users\/2"}],"replies":[{"embeddable":true,"href":"https:\/\/www.elcafedelaopera.com\/en\/wp-json\/wp\/v2\/comments?post=1211"}],"version-history":[{"count":7,"href":"https:\/\/www.elcafedelaopera.com\/en\/wp-json\/wp\/v2\/pages\/1211\/revisions"}],"predecessor-version":[{"id":1536,"href":"https:\/\/www.elcafedelaopera.com\/en\/wp-json\/wp\/v2\/pages\/1211\/revisions\/1536"}],"up":[{"embeddable":true,"href":"https:\/\/www.elcafedelaopera.com\/en\/wp-json\/wp\/v2\/pages\/1198"}],"wp:attachment":[{"href":"https:\/\/www.elcafedelaopera.com\/en\/wp-json\/wp\/v2\/media?parent=1211"}],"curies":[{"name":"wp","href":"https:\/\/api.w.org\/{rel}","templated":true}]}}