{"id":1198,"date":"2023-06-05T22:22:42","date_gmt":"2023-06-05T20:22:42","guid":{"rendered":"https:\/\/www.elcafedelaopera.com\/planes\/"},"modified":"2025-03-10T20:15:15","modified_gmt":"2025-03-10T18:15:15","slug":"proposals","status":"publish","type":"page","link":"https:\/\/www.elcafedelaopera.com\/en\/proposals\/","title":{"rendered":"Planes"},"content":{"rendered":"<p>[et_pb_section fb_built=&#8221;1&#8243; custom_padding_last_edited=&#8221;on|desktop&#8221; admin_label=&#8221;Header&#8221; _builder_version=&#8221;4.27.3&#8243; _module_preset=&#8221;default&#8221; background_color=&#8221;#000000&#8243; use_background_color_gradient=&#8221;on&#8221; background_color_gradient_stops=&#8221;#000000 0%|rgba(22,11,0,0) 35%&#8221; background_color_gradient_overlays_image=&#8221;on&#8221; background_color_gradient_start=&#8221;#160b00&#8243; background_color_gradient_end=&#8221;rgba(22,11,0,0)&#8221; background_image=&#8221;https:\/\/www.elcafedelaopera.com\/wp-content\/uploads\/2025\/03\/Planes-en-el-centro-de-Madrid.jpg&#8221; min_height=&#8221;60vh&#8221; custom_padding=&#8221;10vw||10vw||true|false&#8221; custom_padding_tablet=&#8221;|0px|||false|false&#8221; custom_padding_phone=&#8221;|40px|||false|false&#8221; hover_enabled=&#8221;0&#8243; saved_tabs=&#8221;all&#8221; locked=&#8221;off&#8221; global_colors_info=&#8221;{}&#8221; background_color_gradient_direction=&#8221;90deg&#8221; title_text=&#8221;Planes en el centro de Madrid&#8221; sticky_enabled=&#8221;0&#8243;][et_pb_row _builder_version=&#8221;4.16&#8243; _module_preset=&#8221;default&#8221; locked=&#8221;off&#8221; global_colors_info=&#8221;{}&#8221;][et_pb_column type=&#8221;4_4&#8243; _builder_version=&#8221;4.16&#8243; _module_preset=&#8221;default&#8221; global_colors_info=&#8221;{}&#8221;][et_pb_text _builder_version=&#8221;4.17.4&#8243; _module_preset=&#8221;default&#8221; text_text_color=&#8221;rgba(255,207,154,0.7)&#8221; text_font_size=&#8221;16px&#8221; text_line_height=&#8221;1.8em&#8221; header_font=&#8221;Playfair Display||||||||&#8221; header_text_color=&#8221;#ffebd6&#8243; header_font_size=&#8221;70px&#8221; header_line_height=&#8221;1.4em&#8221; background_layout=&#8221;dark&#8221; header_font_size_tablet=&#8221;70px&#8221; header_font_size_phone=&#8221;50px&#8221; header_font_size_last_edited=&#8221;on|phone&#8221; locked=&#8221;off&#8221; global_colors_info=&#8221;{}&#8221;]<\/p>\n<h1>Proposals<\/h1>\n<p>[\/et_pb_text][\/et_pb_column][\/et_pb_row][\/et_pb_section][et_pb_section fb_built=&#8221;1&#8243; admin_label=&#8221;Plan 1 &#8211; Piano Jazz&#8221; _builder_version=&#8221;4.17.4&#8243; _module_preset=&#8221;default&#8221; background_color=&#8221;#000000&#8243; locked=&#8221;off&#8221; global_colors_info=&#8221;{}&#8221;][et_pb_row column_structure=&#8221;2_5,3_5&#8243; _builder_version=&#8221;4.17.4&#8243; _module_preset=&#8221;default&#8221; global_colors_info=&#8221;{}&#8221;][et_pb_column type=&#8221;2_5&#8243; _builder_version=&#8221;4.17.4&#8243; _module_preset=&#8221;default&#8221; border_width_all=&#8221;2px&#8221; border_color_all=&#8221;#BAAF92&#8243; global_colors_info=&#8221;{}&#8221;][et_pb_image src=&#8221;https:\/\/www.elcafedelaopera.com\/wp-content\/uploads\/2025\/03\/Noches-de-Piano-Jazz.jpg&#8221; title_text=&#8221;Noches de Piano Jazz&#8221; align=&#8221;center&#8221; _builder_version=&#8221;4.27.3&#8243; _module_preset=&#8221;default&#8221; z_index=&#8221;0&#8243; max_width_phone=&#8221;150px&#8221; max_width_last_edited=&#8221;off|desktop&#8221; custom_margin=&#8221;30px|-30px|30px|30px|true|false&#8221; hover_enabled=&#8221;0&#8243; locked=&#8221;off&#8221; global_colors_info=&#8221;{}&#8221; sticky_enabled=&#8221;0&#8243;][\/et_pb_image][\/et_pb_column][et_pb_column type=&#8221;3_5&#8243; _builder_version=&#8221;4.17.4&#8243; _module_preset=&#8221;default&#8221; custom_padding=&#8221;100px|30px||30px|false|true&#8221; custom_padding_tablet=&#8221;0px||||false|false&#8221; custom_padding_phone=&#8221;|0px||0px|false|true&#8221; custom_padding_last_edited=&#8221;on|phone&#8221; global_colors_info=&#8221;{}&#8221;][et_pb_text admin_label=&#8221;Text&#8221; _builder_version=&#8221;4.24.0&#8243; _module_preset=&#8221;default&#8221; text_text_color=&#8221;#FFFFFF&#8221; text_font_size=&#8221;18px&#8221; text_line_height=&#8221;1.8em&#8221; header_2_font=&#8221;||||||||&#8221; header_2_text_color=&#8221;#ffebd6&#8243; header_2_font_size=&#8221;50px&#8221; header_2_line_height=&#8221;1.6em&#8221; header_3_font=&#8221;|700||on|||||&#8221; header_3_text_color=&#8221;#ffcf9a&#8221; header_3_font_size=&#8221;16px&#8221; header_3_letter_spacing=&#8221;2px&#8221; header_3_line_height=&#8221;2em&#8221; background_layout=&#8221;dark&#8221; max_width=&#8221;550px&#8221; custom_padding=&#8221;||0px|||&#8221; header_2_font_size_tablet=&#8221;40px&#8221; header_2_font_size_phone=&#8221;30px&#8221; header_2_font_size_last_edited=&#8221;on|phone&#8221; locked=&#8221;off&#8221; global_colors_info=&#8221;{}&#8221;]<\/p>\n<h2>Piano Jazz<\/h2>\n<h3>Wednesdays, Thursdays and Sundays<\/h3>\n<p>Jazz and piano lovers will find their best fusion at El Caf\u00e9 de la \u00d3pera. A very attractive musical plan accompanied by a carefully selected menu of snacks and a selection of cocktails. Wednesdays, Thursdays and Sundays from 7pm to 9pm. Access for 20 \u20ac, with a drink.<\/p>\n<p>\u2018In an elegant and welcoming space where music and gastronomy merge to create unique moments,\u2019 says the director of Caf\u00e9 de la \u00d3pera. \u2018Piano Jazz is the perfect setting to enjoy the vibrant energy of jazz together with a carefully selected gastronomic proposal to give visibility to our cocktail bar\u2019.<\/p>\n<p>[\/et_pb_text][et_pb_button button_url=&#8221;https:\/\/www.elcafedelaopera.com\/wp-content\/uploads\/2024\/09\/Piano-Jazz-Carta-El-cafe-de-la-opera.jpg&#8221; button_text=&#8221;See more&#8221; button_alignment=&#8221;left&#8221; admin_label=&#8221;Bot\u00f3n Ver m\u00e1s&#8221; _builder_version=&#8221;4.24.0&#8243; _module_preset=&#8221;default&#8221; custom_button=&#8221;on&#8221; button_text_size=&#8221;14px&#8221; button_text_color=&#8221;#000000&#8243; button_bg_color=&#8221;#BAAF92&#8243; button_border_width=&#8221;0px&#8221; button_border_radius=&#8221;0px&#8221; button_letter_spacing=&#8221;2px&#8221; button_font=&#8221;Montserrat|700||on|||||&#8221; custom_margin=&#8221;||||false|false&#8221; custom_padding=&#8221;17px|27px|17px|27px|true|true&#8221; custom_css_main_element=&#8221;float: left;||margin-right: 30px;&#8221; locked=&#8221;off&#8221; global_colors_info=&#8221;{%22gcid-1a4b6057-13ce-4197-8a52-7e95103d3861%22:%91%22button_bg_color__hover%22%93}&#8221; button_text_color__hover=&#8221;#FFFFFF&#8221; button_text_color__hover_enabled=&#8221;on|hover&#8221; button_bg_color__hover=&#8221;#4c0013&#8243; button_bg_color__hover_enabled=&#8221;on|hover&#8221; button_bg_enable_color__hover=&#8221;on&#8221; custom_css_main_element_last_edited=&#8221;on|phone&#8221; custom_css_main_element_phone=&#8221;float: none;||width: 100%; ||text-align: center;&#8221; custom_css_main_element_tablet=&#8221;float: left;||margin-right: 30px;&#8221;][\/et_pb_button][et_pb_button button_url=&#8221;https:\/\/www.elcafedelaopera.com\/en\/book-now\/&#8221; button_text=&#8221;Book Online&#8221; button_alignment=&#8221;left&#8221; admin_label=&#8221;Bot\u00f3n Reservar&#8221; _builder_version=&#8221;4.17.4&#8243; _module_preset=&#8221;default&#8221; custom_button=&#8221;on&#8221; button_text_size=&#8221;14px&#8221; button_text_color=&#8221;#000000&#8243; button_bg_color=&#8221;#BAAF92&#8243; button_border_width=&#8221;0px&#8221; button_border_radius=&#8221;0px&#8221; button_letter_spacing=&#8221;2px&#8221; button_font=&#8221;Montserrat|700||on|||||&#8221; custom_margin=&#8221;||||false|false&#8221; custom_padding=&#8221;17px|27px|17px|27px|true|true&#8221; custom_css_main_element=&#8221;float: left;||margin-right: 30px;&#8221; locked=&#8221;off&#8221; global_colors_info=&#8221;{%22gcid-1a4b6057-13ce-4197-8a52-7e95103d3861%22:%91%22button_bg_color__hover%22%93}&#8221; button_text_color__hover=&#8221;#FFFFFF&#8221; button_text_color__hover_enabled=&#8221;on|hover&#8221; button_bg_color__hover=&#8221;#4c0013&#8243; button_bg_color__hover_enabled=&#8221;on|hover&#8221; button_bg_enable_color__hover=&#8221;on&#8221; custom_css_main_element_last_edited=&#8221;on|phone&#8221; custom_css_main_element_phone=&#8221;float: none;||width: 100%; ||text-align: center;&#8221; custom_css_main_element_tablet=&#8221;float: left;||margin-right: 30px;&#8221;][\/et_pb_button][\/et_pb_column][\/et_pb_row][\/et_pb_section][et_pb_section fb_built=&#8221;1&#8243; disabled_on=&#8221;on|on|on&#8221; admin_label=&#8221;Plan 2 &#8211; El Encanto de la Zarzuela&#8221; _builder_version=&#8221;4.17.4&#8243; _module_preset=&#8221;default&#8221; background_color=&#8221;#FFFFFF&#8221; overflow-x=&#8221;hidden&#8221; overflow-y=&#8221;hidden&#8221; disabled=&#8221;on&#8221; locked=&#8221;off&#8221; global_colors_info=&#8221;{}&#8221;][et_pb_row column_structure=&#8221;1_2,1_2&#8243; _builder_version=&#8221;4.17.4&#8243; _module_preset=&#8221;default&#8221; background_color=&#8221;RGBA(255,255,255,0)&#8221; border_width_all=&#8221;2px&#8221; border_color_all=&#8221;#000000&#8243; locked=&#8221;off&#8221; global_colors_info=&#8221;{}&#8221;][et_pb_column type=&#8221;1_2&#8243; _builder_version=&#8221;4.17.4&#8243; _module_preset=&#8221;default&#8221; background_color=&#8221;RGBA(255,255,255,0)&#8221; background_enable_image=&#8221;off&#8221; background_size=&#8221;initial&#8221; background_repeat=&#8221;repeat&#8221; custom_padding=&#8221;80px|60px|80px|60px|true|true&#8221; custom_padding_tablet=&#8221;50px|50px|50px|50px|true|true&#8221; custom_padding_phone=&#8221;40px|10px|40px|10px|true|true&#8221; custom_padding_last_edited=&#8221;on|phone&#8221; global_colors_info=&#8221;{}&#8221;][et_pb_text ul_type=&#8221;square&#8221; _builder_version=&#8221;4.24.0&#8243; _module_preset=&#8221;default&#8221; text_font=&#8221;|600|||||||&#8221; text_text_color=&#8221;#000000&#8243; text_font_size=&#8221;18px&#8221; text_line_height=&#8221;1.8em&#8221; header_2_font=&#8221;Playfair Display||||||||&#8221; header_2_font_size=&#8221;50px&#8221; header_2_line_height=&#8221;1.2em&#8221; header_3_line_height=&#8221;1.4em&#8221; header_6_font=&#8221;|700||on|||||&#8221; header_6_letter_spacing=&#8221;2px&#8221; header_6_line_height=&#8221;1.2em&#8221; max_width=&#8221;550px&#8221; header_2_font_size_tablet=&#8221;40px&#8221; header_2_font_size_phone=&#8221;30px&#8221; header_2_font_size_last_edited=&#8221;on|phone&#8221; locked=&#8221;off&#8221; global_colors_info=&#8221;{}&#8221;]<\/p>\n<h2>El Encanto de la Zarzuela<\/h2>\n<h3>A charming dinner, every Friday<\/h3>\n<div class=\"BoYVve\">\n<div data-feature-id=\"0xd4229403b7c2e77:0x99663341435e02f8\" data-post-id=\"1034971459215727074\" data-content-id=\"CIHM0ogKEICAgIDxmqb96QE\" data-platform=\"2\" data-cta-type=\"1\" data-post-type=\"1\" data-language-code=\"es-ES\">\n<div class=\"ILesAc Ah6Oed\">\n<div class=\"ILesAc Ah6Oed\">\n<p>Directed by Manuel Ganchegui, on Friday nights El Caf\u00e9 de la \u00d3pera recalls the \u2018Fiestas de la Zarzuela\u2019 of Felipe IV with a very traditional genre. Popular themes interpreted by his lyric company, which will make the audience vibrate in a dinner with a show full of joy, love (disaffection) and passionate stories.<\/p>\n<p>All this is accompanied by a tasting menu of the most traditional of the traditional genre in different passages, presented by the prelude to some of the most popular zarzuelas.<\/p>\n<\/div>\n<\/div>\n<div class=\"ILesAc Ah6Oed\">\u00a0<\/div>\n<\/div>\n<\/div>\n<div class=\"MGZn0b LjdlXb\">\u00a0<\/div>\n<p>[\/et_pb_text][et_pb_button button_url=&#8221;@ET-DC@eyJkeW5hbWljIjp0cnVlLCJjb250ZW50IjoicG9zdF9saW5rX3VybF9wYWdlIiwic2V0dGluZ3MiOnsicG9zdF9pZCI6IjIyMzcifX0=@&#8221; url_new_window=&#8221;on&#8221; button_text=&#8221;See more&#8221; button_alignment=&#8221;left&#8221; admin_label=&#8221;Bot\u00f3n ver m\u00e1s&#8221; _builder_version=&#8221;4.24.0&#8243; _dynamic_attributes=&#8221;button_url&#8221; _module_preset=&#8221;default&#8221; custom_button=&#8221;on&#8221; button_text_size=&#8221;14px&#8221; button_text_color=&#8221;#BAAF92&#8243; button_bg_color=&#8221;#160b00&#8243; button_border_width=&#8221;0px&#8221; button_border_radius=&#8221;0px&#8221; button_letter_spacing=&#8221;2px&#8221; button_font=&#8221;Montserrat|700||on|||||&#8221; custom_margin=&#8221;||||false|false&#8221; custom_padding=&#8221;17px|27px|17px|27px|true|true&#8221; custom_css_main_element=&#8221;float: left;||margin-right: 30px;&#8221; locked=&#8221;off&#8221; global_colors_info=&#8221;{%22gcid-1a4b6057-13ce-4197-8a52-7e95103d3861%22:%91%22button_bg_color__hover%22%93}&#8221; button_text_color__hover=&#8221;#FFFFFF&#8221; button_text_color__hover_enabled=&#8221;on|hover&#8221; button_bg_color__hover=&#8221;#4c0013&#8243; button_bg_color__hover_enabled=&#8221;on&#8221; button_bg_enable_color__hover=&#8221;on&#8221; custom_css_main_element_last_edited=&#8221;on|phone&#8221; custom_css_main_element_phone=&#8221;float: none;||width: 100%; ||text-align: center;&#8221; custom_css_main_element_tablet=&#8221;float: left;||margin-right: 30px;&#8221;][\/et_pb_button][et_pb_button button_url=&#8221;https:\/\/www.elcafedelaopera.com\/en\/book-now\/&#8221; button_text=&#8221;Book Online&#8221; button_alignment=&#8221;left&#8221; admin_label=&#8221;Bot\u00f3n reservar&#8221; _builder_version=&#8221;4.17.4&#8243; _module_preset=&#8221;default&#8221; custom_button=&#8221;on&#8221; button_text_size=&#8221;14px&#8221; button_text_color=&#8221;#BAAF92&#8243; button_bg_color=&#8221;#160b00&#8243; button_border_width=&#8221;0px&#8221; button_border_radius=&#8221;0px&#8221; button_letter_spacing=&#8221;2px&#8221; button_font=&#8221;Montserrat|700||on|||||&#8221; custom_margin=&#8221;||||false|false&#8221; custom_padding=&#8221;17px|27px|17px|27px|true|true&#8221; custom_css_main_element=&#8221;float: left;||margin-right: 30px;&#8221; locked=&#8221;off&#8221; global_colors_info=&#8221;{%22gcid-1a4b6057-13ce-4197-8a52-7e95103d3861%22:%91%22button_bg_color__hover%22%93}&#8221; button_text_color__hover=&#8221;#FFFFFF&#8221; button_text_color__hover_enabled=&#8221;on|hover&#8221; button_bg_color__hover=&#8221;#4c0013&#8243; button_bg_color__hover_enabled=&#8221;on&#8221; button_bg_enable_color__hover=&#8221;on&#8221; custom_css_main_element_last_edited=&#8221;on|phone&#8221; custom_css_main_element_phone=&#8221;float: none;||width: 100%; ||text-align: center;&#8221; custom_css_main_element_tablet=&#8221;float: left;||margin-right: 30px;&#8221;][\/et_pb_button][\/et_pb_column][et_pb_column type=&#8221;1_2&#8243; _builder_version=&#8221;4.16&#8243; _module_preset=&#8221;default&#8221; global_colors_info=&#8221;{}&#8221;][et_pb_image src=&#8221;https:\/\/www.elcafedelaopera.com\/wp-content\/uploads\/2024\/10\/Zarzuela-en-Madrid.jpg&#8221; alt=&#8221;Brunch centro Madrid&#8221; title_text=&#8221;Zarzuela en Madrid&#8221; _builder_version=&#8221;4.24.0&#8243; _module_preset=&#8221;default&#8221; z_index=&#8221;0&#8243; max_width_tablet=&#8221;400px&#8221; max_width_last_edited=&#8221;off|desktop&#8221; module_alignment=&#8221;right&#8221; custom_margin=&#8221;|-20vw|||false|false&#8221; custom_margin_tablet=&#8221;0px||||false|false&#8221; custom_margin_last_edited=&#8221;off|phone&#8221; locked=&#8221;off&#8221; global_colors_info=&#8221;{}&#8221;][\/et_pb_image][\/et_pb_column][\/et_pb_row][\/et_pb_section][et_pb_section fb_built=&#8221;1&#8243; disabled_on=&#8221;off|off|off&#8221; admin_label=&#8221;Plan 0 &#8211; Cocido&#8221; _builder_version=&#8221;4.17.4&#8243; _module_preset=&#8221;default&#8221; background_color=&#8221;#FFFFFF&#8221; overflow-x=&#8221;hidden&#8221; overflow-y=&#8221;hidden&#8221; locked=&#8221;off&#8221; collapsed=&#8221;off&#8221; global_colors_info=&#8221;{}&#8221;][et_pb_row column_structure=&#8221;1_2,1_2&#8243; disabled_on=&#8221;off|off|off&#8221; _builder_version=&#8221;4.17.4&#8243; _module_preset=&#8221;default&#8221; background_color=&#8221;RGBA(255,255,255,0)&#8221; border_width_all=&#8221;2px&#8221; border_color_all=&#8221;#000000&#8243; locked=&#8221;off&#8221; global_colors_info=&#8221;{}&#8221;][et_pb_column type=&#8221;1_2&#8243; _builder_version=&#8221;4.17.4&#8243; _module_preset=&#8221;default&#8221; background_color=&#8221;RGBA(255,255,255,0)&#8221; background_enable_image=&#8221;off&#8221; background_size=&#8221;initial&#8221; background_repeat=&#8221;repeat&#8221; custom_padding=&#8221;80px|60px|80px|60px|true|true&#8221; custom_padding_tablet=&#8221;50px|50px|50px|50px|true|true&#8221; custom_padding_phone=&#8221;40px|10px|40px|10px|true|true&#8221; custom_padding_last_edited=&#8221;on|phone&#8221; global_colors_info=&#8221;{}&#8221;][et_pb_text ul_type=&#8221;square&#8221; _builder_version=&#8221;4.24.0&#8243; _module_preset=&#8221;default&#8221; text_font=&#8221;|600|||||||&#8221; text_text_color=&#8221;#000000&#8243; text_font_size=&#8221;18px&#8221; text_line_height=&#8221;1.8em&#8221; header_2_font=&#8221;Playfair Display||||||||&#8221; header_2_font_size=&#8221;50px&#8221; header_2_line_height=&#8221;1.2em&#8221; header_3_line_height=&#8221;1.4em&#8221; header_6_font=&#8221;|700||on|||||&#8221; header_6_letter_spacing=&#8221;2px&#8221; header_6_line_height=&#8221;1.2em&#8221; max_width=&#8221;550px&#8221; header_2_font_size_tablet=&#8221;40px&#8221; header_2_font_size_phone=&#8221;30px&#8221; header_2_font_size_last_edited=&#8221;on|phone&#8221; locked=&#8221;off&#8221; global_colors_info=&#8221;{}&#8221;]<\/p>\n<h2>Cocido madrile\u00f1o<\/h2>\n<h2><span style=\"font-size: 16px;\">A must at El Caf\u00e9 de la \u00d3pera<\/span><\/h2>\n<p>With the arrival of cold weather, El Caf\u00e9 de la \u00d3pera becomes the best refuge on Friday, Saturday and Sunday as it offers at noon a complete Madrid stew served according to tradition.<\/p>\n<p>The menu, served in three courses and with an award-winning recipe, includes soup, chickpeas and a selection of meats and vegetables with fried milk for dessert.<\/p>\n<p>[\/et_pb_text][et_pb_button button_url=&#8221;@ET-DC@eyJkeW5hbWljIjp0cnVlLCJjb250ZW50IjoicG9zdF9saW5rX3VybF9wYWdlIiwic2V0dGluZ3MiOnsicG9zdF9pZCI6IjE0MTkifX0=@&#8221; url_new_window=&#8221;on&#8221; button_text=&#8221;See more&#8221; button_alignment=&#8221;left&#8221; admin_label=&#8221;Bot\u00f3n ver m\u00e1s&#8221; _builder_version=&#8221;4.24.0&#8243; _dynamic_attributes=&#8221;button_url&#8221; _module_preset=&#8221;default&#8221; custom_button=&#8221;on&#8221; button_text_size=&#8221;14px&#8221; button_text_color=&#8221;#BAAF92&#8243; button_bg_color=&#8221;#160b00&#8243; button_border_width=&#8221;0px&#8221; button_border_radius=&#8221;0px&#8221; button_letter_spacing=&#8221;2px&#8221; button_font=&#8221;Montserrat|700||on|||||&#8221; custom_margin=&#8221;||||false|false&#8221; custom_padding=&#8221;17px|27px|17px|27px|true|true&#8221; custom_css_main_element=&#8221;float: left;||margin-right: 30px;&#8221; locked=&#8221;off&#8221; global_colors_info=&#8221;{%22gcid-1a4b6057-13ce-4197-8a52-7e95103d3861%22:%91%22button_bg_color__hover%22%93}&#8221; button_text_color__hover=&#8221;#FFFFFF&#8221; button_text_color__hover_enabled=&#8221;on|hover&#8221; button_bg_color__hover=&#8221;#4c0013&#8243; button_bg_color__hover_enabled=&#8221;on&#8221; button_bg_enable_color__hover=&#8221;on&#8221; custom_css_main_element_last_edited=&#8221;on|phone&#8221; custom_css_main_element_phone=&#8221;float: none;||width: 100%; ||text-align: center;&#8221; custom_css_main_element_tablet=&#8221;float: left;||margin-right: 30px;&#8221;][\/et_pb_button][\/et_pb_column][et_pb_column type=&#8221;1_2&#8243; _builder_version=&#8221;4.16&#8243; _module_preset=&#8221;default&#8221; global_colors_info=&#8221;{}&#8221;][et_pb_image src=&#8221;https:\/\/www.elcafedelaopera.com\/wp-content\/uploads\/2023\/11\/El-mejor-cocido-madrileno-en-el-centro-de-Madrid-1-1.jpg&#8221; alt=&#8221;Comer codio en Madrid&#8221; title_text=&#8221;El mejor cocido madrilen\u0303o en el centro de Madrid 1&#8243; force_fullwidth=&#8221;on&#8221; _builder_version=&#8221;4.17.4&#8243; _module_preset=&#8221;default&#8221; transform_scale=&#8221;153%|153%&#8221; transform_translate=&#8221;39px|67px&#8221; z_index=&#8221;0&#8243; max_width_phone=&#8221;150px&#8221; max_width_last_edited=&#8221;off|desktop&#8221; custom_margin=&#8221;30px|-30px|30px|30px|true|false&#8221; locked=&#8221;off&#8221; global_colors_info=&#8221;{}&#8221;][\/et_pb_image][\/et_pb_column][\/et_pb_row][\/et_pb_section][et_pb_section fb_built=&#8221;1&#8243; admin_label=&#8221;Plan 1 &#8211; Una Cena Cantada&#8221; _builder_version=&#8221;4.17.4&#8243; _module_preset=&#8221;default&#8221; background_color=&#8221;#000000&#8243; locked=&#8221;off&#8221; global_colors_info=&#8221;{}&#8221;][et_pb_row column_structure=&#8221;2_5,3_5&#8243; _builder_version=&#8221;4.17.4&#8243; _module_preset=&#8221;default&#8221; global_colors_info=&#8221;{}&#8221;][et_pb_column type=&#8221;2_5&#8243; _builder_version=&#8221;4.17.4&#8243; _module_preset=&#8221;default&#8221; border_width_all=&#8221;2px&#8221; border_color_all=&#8221;#BAAF92&#8243; global_colors_info=&#8221;{}&#8221;][et_pb_image src=&#8221;https:\/\/www.elcafedelaopera.com\/wp-content\/uploads\/2025\/02\/Una-Cena-Cantada-I-El-Cafe-de-la-Opera.jpg&#8221; title_text=&#8221;Una Cena Cantada I El Cafe\u0301 de la O\u0301pera&#8221; align=&#8221;center&#8221; _builder_version=&#8221;4.27.3&#8243; _module_preset=&#8221;default&#8221; z_index=&#8221;0&#8243; max_width_phone=&#8221;150px&#8221; max_width_last_edited=&#8221;off|desktop&#8221; custom_margin=&#8221;30px|-30px|30px|30px|true|false&#8221; hover_enabled=&#8221;0&#8243; locked=&#8221;off&#8221; global_colors_info=&#8221;{}&#8221; sticky_enabled=&#8221;0&#8243;][\/et_pb_image][\/et_pb_column][et_pb_column type=&#8221;3_5&#8243; _builder_version=&#8221;4.17.4&#8243; _module_preset=&#8221;default&#8221; custom_padding=&#8221;100px|30px||30px|false|true&#8221; custom_padding_tablet=&#8221;0px||||false|false&#8221; custom_padding_phone=&#8221;|0px||0px|false|true&#8221; custom_padding_last_edited=&#8221;on|phone&#8221; global_colors_info=&#8221;{}&#8221;][et_pb_text _builder_version=&#8221;4.17.4&#8243; _module_preset=&#8221;default&#8221; text_text_color=&#8221;#FFFFFF&#8221; text_font_size=&#8221;18px&#8221; text_line_height=&#8221;1.8em&#8221; header_2_font=&#8221;||||||||&#8221; header_2_text_color=&#8221;#ffebd6&#8243; header_2_font_size=&#8221;50px&#8221; header_2_line_height=&#8221;1.6em&#8221; header_3_font=&#8221;|700||on|||||&#8221; header_3_text_color=&#8221;#ffcf9a&#8221; header_3_font_size=&#8221;16px&#8221; header_3_letter_spacing=&#8221;2px&#8221; header_3_line_height=&#8221;2em&#8221; background_layout=&#8221;dark&#8221; max_width=&#8221;550px&#8221; custom_padding=&#8221;||0px|||&#8221; header_2_font_size_tablet=&#8221;40px&#8221; header_2_font_size_phone=&#8221;30px&#8221; header_2_font_size_last_edited=&#8221;on|phone&#8221; locked=&#8221;off&#8221; global_colors_info=&#8221;{}&#8221;]<\/p>\n<h2>Una Cena Cantada<\/h2>\n<h3>friday and Saturday at 8:30 p.m.<\/h3>\n<p>As a couple, on a special occasion or simply because enjoying a tasting menu with opera singers just a few meters away is an experience&#8230; Una Cena cantada is an immersive show that you can&#8217;t miss. A dinner show with a complete menu that changes seasonally in which to enjoy well-known pieces of opera and zarzuela performed live accompanied by piano.<\/p>\n<p>[\/et_pb_text][et_pb_button button_url=&#8221;@ET-DC@eyJkeW5hbWljIjp0cnVlLCJjb250ZW50IjoicG9zdF9saW5rX3VybF9wYWdlIiwic2V0dGluZ3MiOnsicG9zdF9pZCI6IjE2MjcifX0=@&#8221; button_text=&#8221;See more&#8221; button_alignment=&#8221;left&#8221; admin_label=&#8221;Bot\u00f3n Ver m\u00e1s&#8221; _builder_version=&#8221;4.17.4&#8243; _dynamic_attributes=&#8221;button_url&#8221; _module_preset=&#8221;default&#8221; custom_button=&#8221;on&#8221; button_text_size=&#8221;14px&#8221; button_text_color=&#8221;#000000&#8243; button_bg_color=&#8221;#BAAF92&#8243; button_border_width=&#8221;0px&#8221; button_border_radius=&#8221;0px&#8221; button_letter_spacing=&#8221;2px&#8221; button_font=&#8221;Montserrat|700||on|||||&#8221; custom_margin=&#8221;||||false|false&#8221; custom_padding=&#8221;17px|27px|17px|27px|true|true&#8221; custom_css_main_element=&#8221;float: left;||margin-right: 30px;&#8221; locked=&#8221;off&#8221; global_colors_info=&#8221;{%22gcid-1a4b6057-13ce-4197-8a52-7e95103d3861%22:%91%22button_bg_color__hover%22%93}&#8221; button_text_color__hover=&#8221;#FFFFFF&#8221; button_text_color__hover_enabled=&#8221;on|hover&#8221; button_bg_color__hover=&#8221;#4c0013&#8243; button_bg_color__hover_enabled=&#8221;on|hover&#8221; button_bg_enable_color__hover=&#8221;on&#8221; custom_css_main_element_last_edited=&#8221;on|phone&#8221; custom_css_main_element_phone=&#8221;float: none;||width: 100%; ||text-align: center;&#8221; custom_css_main_element_tablet=&#8221;float: left;||margin-right: 30px;&#8221;][\/et_pb_button][et_pb_button button_url=&#8221;https:\/\/www.elcafedelaopera.com\/en\/book-now\/&#8221; button_text=&#8221;Book Online&#8221; button_alignment=&#8221;left&#8221; admin_label=&#8221;Bot\u00f3n Reservar&#8221; _builder_version=&#8221;4.17.4&#8243; _module_preset=&#8221;default&#8221; custom_button=&#8221;on&#8221; button_text_size=&#8221;14px&#8221; button_text_color=&#8221;#000000&#8243; button_bg_color=&#8221;#BAAF92&#8243; button_border_width=&#8221;0px&#8221; button_border_radius=&#8221;0px&#8221; button_letter_spacing=&#8221;2px&#8221; button_font=&#8221;Montserrat|700||on|||||&#8221; custom_margin=&#8221;||||false|false&#8221; custom_padding=&#8221;17px|27px|17px|27px|true|true&#8221; custom_css_main_element=&#8221;float: left;||margin-right: 30px;&#8221; locked=&#8221;off&#8221; global_colors_info=&#8221;{%22gcid-1a4b6057-13ce-4197-8a52-7e95103d3861%22:%91%22button_bg_color__hover%22%93}&#8221; button_text_color__hover=&#8221;#FFFFFF&#8221; button_text_color__hover_enabled=&#8221;on|hover&#8221; button_bg_color__hover=&#8221;#4c0013&#8243; button_bg_color__hover_enabled=&#8221;on|hover&#8221; button_bg_enable_color__hover=&#8221;on&#8221; custom_css_main_element_last_edited=&#8221;on|phone&#8221; custom_css_main_element_phone=&#8221;float: none;||width: 100%; ||text-align: center;&#8221; custom_css_main_element_tablet=&#8221;float: left;||margin-right: 30px;&#8221;][\/et_pb_button][\/et_pb_column][\/et_pb_row][\/et_pb_section][et_pb_section fb_built=&#8221;1&#8243; admin_label=&#8221;Plan 2 &#8211; Brunch&#8221; _builder_version=&#8221;4.17.4&#8243; _module_preset=&#8221;default&#8221; background_color=&#8221;#FFFFFF&#8221; overflow-x=&#8221;hidden&#8221; overflow-y=&#8221;hidden&#8221; locked=&#8221;off&#8221; global_colors_info=&#8221;{}&#8221;][et_pb_row column_structure=&#8221;1_2,1_2&#8243; _builder_version=&#8221;4.17.4&#8243; _module_preset=&#8221;default&#8221; background_color=&#8221;RGBA(255,255,255,0)&#8221; border_width_all=&#8221;2px&#8221; border_color_all=&#8221;#000000&#8243; locked=&#8221;off&#8221; global_colors_info=&#8221;{}&#8221;][et_pb_column type=&#8221;1_2&#8243; _builder_version=&#8221;4.17.4&#8243; _module_preset=&#8221;default&#8221; background_color=&#8221;RGBA(255,255,255,0)&#8221; background_enable_image=&#8221;off&#8221; background_size=&#8221;initial&#8221; background_repeat=&#8221;repeat&#8221; custom_padding=&#8221;80px|60px|80px|60px|true|true&#8221; custom_padding_tablet=&#8221;50px|50px|50px|50px|true|true&#8221; custom_padding_phone=&#8221;40px|10px|40px|10px|true|true&#8221; custom_padding_last_edited=&#8221;on|phone&#8221; global_colors_info=&#8221;{}&#8221;][et_pb_text ul_type=&#8221;square&#8221; _builder_version=&#8221;4.24.0&#8243; _module_preset=&#8221;default&#8221; text_font=&#8221;|600|||||||&#8221; text_text_color=&#8221;#000000&#8243; text_font_size=&#8221;18px&#8221; text_line_height=&#8221;1.8em&#8221; header_2_font=&#8221;Playfair Display||||||||&#8221; header_2_font_size=&#8221;50px&#8221; header_2_line_height=&#8221;1.2em&#8221; header_3_line_height=&#8221;1.4em&#8221; header_6_font=&#8221;|700||on|||||&#8221; header_6_letter_spacing=&#8221;2px&#8221; header_6_line_height=&#8221;1.2em&#8221; max_width=&#8221;550px&#8221; header_2_font_size_tablet=&#8221;40px&#8221; header_2_font_size_phone=&#8221;30px&#8221; header_2_font_size_last_edited=&#8221;on|phone&#8221; locked=&#8221;off&#8221; global_colors_info=&#8221;{}&#8221;]<\/p>\n<h2>\u00d3pera Brunch<\/h2>\n<h3>Everyday, with two options<\/h3>\n<div class=\"BoYVve\">\n<div data-feature-id=\"0xd4229403b7c2e77:0x99663341435e02f8\" data-post-id=\"1034971459215727074\" data-content-id=\"CIHM0ogKEICAgIDxmqb96QE\" data-platform=\"2\" data-cta-type=\"1\" data-post-type=\"1\" data-language-code=\"es-ES\">\n<div class=\"ILesAc Ah6Oed\">\n<div class=\"ILesAc Ah6Oed\">\n<p>Because we know that there is nothing more enjoyable than having a long (and late) breakfast, <strong>El Caf\u00e9 de la \u00d3pera<\/strong> is extending its brunch offer with two proposals. <strong>\u00d3pera Brunch<\/strong>, with its traditional proposal at 11 am &#8211; you can arrive whenever you want but you will have to leave your table at 1:30 pm.<\/p>\n<p>And <strong>\u00d3pera Late Brunch<\/strong>, from 13:00 h, with a large tray of sweet and savoury dishes and a main course of your choice. Always, with their eggs benedict as the star attraction.<span style=\"font-size: 18px;\">\u00a0<\/span><\/p>\n<\/div>\n<\/div>\n<\/div>\n<\/div>\n<div class=\"MGZn0b LjdlXb\">\u00a0<\/div>\n<p>[\/et_pb_text][et_pb_button button_url=&#8221;https:\/\/www.elcafedelaopera.com\/planes\/opera-brunch-ing&#8221; url_new_window=&#8221;on&#8221; button_text=&#8221;See more&#8221; button_alignment=&#8221;left&#8221; admin_label=&#8221;Bot\u00f3n ver m\u00e1s&#8221; _builder_version=&#8221;4.24.0&#8243; _module_preset=&#8221;default&#8221; custom_button=&#8221;on&#8221; button_text_size=&#8221;14px&#8221; button_text_color=&#8221;#BAAF92&#8243; button_bg_color=&#8221;#160b00&#8243; button_border_width=&#8221;0px&#8221; button_border_radius=&#8221;0px&#8221; button_letter_spacing=&#8221;2px&#8221; button_font=&#8221;Montserrat|700||on|||||&#8221; custom_margin=&#8221;||||false|false&#8221; custom_padding=&#8221;17px|27px|17px|27px|true|true&#8221; custom_css_main_element=&#8221;float: left;||margin-right: 30px;&#8221; locked=&#8221;off&#8221; global_colors_info=&#8221;{%22gcid-1a4b6057-13ce-4197-8a52-7e95103d3861%22:%91%22button_bg_color__hover%22%93}&#8221; button_text_color__hover=&#8221;#FFFFFF&#8221; button_text_color__hover_enabled=&#8221;on|hover&#8221; button_bg_color__hover=&#8221;#4c0013&#8243; button_bg_color__hover_enabled=&#8221;on&#8221; button_bg_enable_color__hover=&#8221;on&#8221; custom_css_main_element_last_edited=&#8221;on|phone&#8221; custom_css_main_element_phone=&#8221;float: none;||width: 100%; ||text-align: center;&#8221; custom_css_main_element_tablet=&#8221;float: left;||margin-right: 30px;&#8221;][\/et_pb_button][et_pb_button button_url=&#8221;https:\/\/www.elcafedelaopera.com\/en\/book-now\/&#8221; button_text=&#8221;Book Online&#8221; button_alignment=&#8221;left&#8221; admin_label=&#8221;Bot\u00f3n reservar&#8221; _builder_version=&#8221;4.17.4&#8243; _module_preset=&#8221;default&#8221; custom_button=&#8221;on&#8221; button_text_size=&#8221;14px&#8221; button_text_color=&#8221;#BAAF92&#8243; button_bg_color=&#8221;#160b00&#8243; button_border_width=&#8221;0px&#8221; button_border_radius=&#8221;0px&#8221; button_letter_spacing=&#8221;2px&#8221; button_font=&#8221;Montserrat|700||on|||||&#8221; custom_margin=&#8221;||||false|false&#8221; custom_padding=&#8221;17px|27px|17px|27px|true|true&#8221; custom_css_main_element=&#8221;float: left;||margin-right: 30px;&#8221; locked=&#8221;off&#8221; global_colors_info=&#8221;{%22gcid-1a4b6057-13ce-4197-8a52-7e95103d3861%22:%91%22button_bg_color__hover%22%93}&#8221; button_text_color__hover=&#8221;#FFFFFF&#8221; button_text_color__hover_enabled=&#8221;on|hover&#8221; button_bg_color__hover=&#8221;#4c0013&#8243; button_bg_color__hover_enabled=&#8221;on&#8221; button_bg_enable_color__hover=&#8221;on&#8221; custom_css_main_element_last_edited=&#8221;on|phone&#8221; custom_css_main_element_phone=&#8221;float: none;||width: 100%; ||text-align: center;&#8221; custom_css_main_element_tablet=&#8221;float: left;||margin-right: 30px;&#8221;][\/et_pb_button][\/et_pb_column][et_pb_column type=&#8221;1_2&#8243; _builder_version=&#8221;4.16&#8243; _module_preset=&#8221;default&#8221; global_colors_info=&#8221;{}&#8221;][et_pb_image src=&#8221;https:\/\/www.elcafedelaopera.com\/wp-content\/uploads\/2024\/07\/Opera-Late-Brunch-1-scaled.jpg&#8221; alt=&#8221;Brunch centro Madrid&#8221; title_text=&#8221;O\u0301pera Late Brunch 1&#8243; _builder_version=&#8221;4.24.0&#8243; _module_preset=&#8221;default&#8221; z_index=&#8221;0&#8243; max_width_tablet=&#8221;400px&#8221; max_width_last_edited=&#8221;off|desktop&#8221; module_alignment=&#8221;right&#8221; custom_margin=&#8221;|-20vw|||false|false&#8221; custom_margin_tablet=&#8221;0px||||false|false&#8221; custom_margin_last_edited=&#8221;off|phone&#8221; locked=&#8221;off&#8221; global_colors_info=&#8221;{}&#8221;][\/et_pb_image][\/et_pb_column][\/et_pb_row][\/et_pb_section][et_pb_section fb_built=&#8221;1&#8243; disabled_on=&#8221;on|on|on&#8221; admin_label=&#8221;Plan 0 &#8211; Navidad&#8221; _builder_version=&#8221;4.17.4&#8243; _module_preset=&#8221;default&#8221; background_color=&#8221;#000000&#8243; disabled=&#8221;on&#8221; locked=&#8221;off&#8221; global_colors_info=&#8221;{}&#8221;][et_pb_row column_structure=&#8221;2_5,3_5&#8243; _builder_version=&#8221;4.17.4&#8243; _module_preset=&#8221;default&#8221; global_colors_info=&#8221;{}&#8221;][et_pb_column type=&#8221;2_5&#8243; _builder_version=&#8221;4.17.4&#8243; _module_preset=&#8221;default&#8221; border_width_all=&#8221;2px&#8221; border_color_all=&#8221;#BAAF92&#8243; global_colors_info=&#8221;{}&#8221;][et_pb_image src=&#8221;https:\/\/www.elcafedelaopera.com\/wp-content\/uploads\/2023\/11\/Bebida-10.jpg&#8221; title_text=&#8221;Cena de Navidad Madrid&#8221; align=&#8221;center&#8221; _builder_version=&#8221;4.17.4&#8243; _module_preset=&#8221;default&#8221; z_index=&#8221;0&#8243; max_width_phone=&#8221;150px&#8221; max_width_last_edited=&#8221;off|desktop&#8221; custom_margin=&#8221;30px|-30px|30px|30px|true|false&#8221; locked=&#8221;off&#8221; global_colors_info=&#8221;{}&#8221;][\/et_pb_image][\/et_pb_column][et_pb_column type=&#8221;3_5&#8243; _builder_version=&#8221;4.17.4&#8243; _module_preset=&#8221;default&#8221; custom_padding=&#8221;100px|30px||30px|false|true&#8221; custom_padding_tablet=&#8221;0px||||false|false&#8221; custom_padding_phone=&#8221;|0px||0px|false|true&#8221; custom_padding_last_edited=&#8221;on|phone&#8221; global_colors_info=&#8221;{}&#8221;][et_pb_text admin_label=&#8221;Texto&#8221; _builder_version=&#8221;4.17.4&#8243; _module_preset=&#8221;default&#8221; text_text_color=&#8221;#FFFFFF&#8221; text_font_size=&#8221;18px&#8221; text_line_height=&#8221;1.8em&#8221; header_2_font=&#8221;||||||||&#8221; header_2_text_color=&#8221;#ffebd6&#8243; header_2_font_size=&#8221;50px&#8221; header_2_line_height=&#8221;1.6em&#8221; header_3_font=&#8221;|700||on|||||&#8221; header_3_text_color=&#8221;#ffcf9a&#8221; header_3_font_size=&#8221;16px&#8221; header_3_letter_spacing=&#8221;2px&#8221; header_3_line_height=&#8221;2em&#8221; background_layout=&#8221;dark&#8221; max_width=&#8221;550px&#8221; header_2_font_size_tablet=&#8221;40px&#8221; header_2_font_size_phone=&#8221;30px&#8221; header_2_font_size_last_edited=&#8221;on|phone&#8221; locked=&#8221;off&#8221; global_colors_info=&#8221;{}&#8221;]<\/p>\n<h2>Christmas special menus<\/h2>\n<h3>MENUS FOR CHRISTMAS EVE, christmas, new year&#8217;s eve, new year and kings eve<\/h3>\n<p>This Christmas in El Caf\u00e9 de la \u00d3pera we are ready to spread the Christmas spirit with our special menus for these dates. Our chefs have excelled with dishes that will make you believe in the magic of the kitchen. From Christmas classics to unique creations.<\/p>\n<p>Whether you come with family, friends or even work colleagues, at El Caf\u00e9 de la \u00d3pera we guarantee an experience you won&#8217;t forget, we are waiting for you with open arms and open plates!<\/p>\n<p>[\/et_pb_text][et_pb_button button_url=&#8221;https:\/\/www.elcafedelaopera.com\/wp-content\/uploads\/2024\/12\/Menus-Navidad-2024-ING_compressed.pdf&#8221; url_new_window=&#8221;on&#8221; button_text=&#8221;See more&#8221; button_alignment=&#8221;left&#8221; admin_label=&#8221;Bot\u00f3n Ver m\u00e1s&#8221; _builder_version=&#8221;4.27.3&#8243; _module_preset=&#8221;default&#8221; custom_button=&#8221;on&#8221; button_text_size=&#8221;14px&#8221; button_text_color=&#8221;#000000&#8243; button_bg_color=&#8221;#BAAF92&#8243; button_border_width=&#8221;0px&#8221; button_border_radius=&#8221;0px&#8221; button_letter_spacing=&#8221;2px&#8221; button_font=&#8221;Montserrat|700||on|||||&#8221; custom_margin=&#8221;||||false|false&#8221; custom_padding=&#8221;17px|27px|17px|27px|true|true&#8221; custom_css_main_element=&#8221;float: left;||margin-right: 30px;&#8221; locked=&#8221;off&#8221; global_colors_info=&#8221;{%22gcid-1a4b6057-13ce-4197-8a52-7e95103d3861%22:%91%22button_bg_color__hover%22%93}&#8221; button_text_color__hover=&#8221;#FFFFFF&#8221; button_text_color__hover_enabled=&#8221;on|hover&#8221; button_bg_color__hover=&#8221;#4c0013&#8243; button_bg_color__hover_enabled=&#8221;on|hover&#8221; button_bg_enable_color__hover=&#8221;on&#8221; custom_css_main_element_last_edited=&#8221;on|phone&#8221; custom_css_main_element_phone=&#8221;float: none;||width: 100%; ||text-align: center;&#8221; custom_css_main_element_tablet=&#8221;float: left;||margin-right: 30px;&#8221;][\/et_pb_button][et_pb_button button_url=&#8221;https:\/\/www.elcafedelaopera.com\/en\/book-now\/&#8221; button_text=&#8221;Book Online&#8221; button_alignment=&#8221;left&#8221; admin_label=&#8221;Bot\u00f3n Reservar&#8221; _builder_version=&#8221;4.17.4&#8243; _module_preset=&#8221;default&#8221; custom_button=&#8221;on&#8221; button_text_size=&#8221;14px&#8221; button_text_color=&#8221;#000000&#8243; button_bg_color=&#8221;#BAAF92&#8243; button_border_width=&#8221;0px&#8221; button_border_radius=&#8221;0px&#8221; button_letter_spacing=&#8221;2px&#8221; button_font=&#8221;Montserrat|700||on|||||&#8221; custom_margin=&#8221;||||false|false&#8221; custom_padding=&#8221;17px|27px|17px|27px|true|true&#8221; custom_css_main_element=&#8221;float: left;||margin-right: 30px;&#8221; locked=&#8221;off&#8221; global_colors_info=&#8221;{%22gcid-1a4b6057-13ce-4197-8a52-7e95103d3861%22:%91%22button_bg_color__hover%22%93}&#8221; button_text_color__hover=&#8221;#FFFFFF&#8221; button_text_color__hover_enabled=&#8221;on|hover&#8221; button_bg_color__hover=&#8221;#4c0013&#8243; button_bg_color__hover_enabled=&#8221;on|hover&#8221; button_bg_enable_color__hover=&#8221;on&#8221; custom_css_main_element_last_edited=&#8221;on|phone&#8221; custom_css_main_element_phone=&#8221;float: none;||width: 100%; ||text-align: center;&#8221; custom_css_main_element_tablet=&#8221;float: left;||margin-right: 30px;&#8221;][\/et_pb_button][\/et_pb_column][\/et_pb_row][\/et_pb_section][et_pb_section fb_built=&#8221;1&#8243; disabled_on=&#8221;on|on|on&#8221; admin_label=&#8221;Plan 0 &#8211; Planes verano&#8221; _builder_version=&#8221;4.17.4&#8243; _module_preset=&#8221;default&#8221; background_color=&#8221;#FFFFFF&#8221; overflow-x=&#8221;hidden&#8221; overflow-y=&#8221;hidden&#8221; disabled=&#8221;on&#8221; locked=&#8221;off&#8221; collapsed=&#8221;off&#8221; global_colors_info=&#8221;{}&#8221;][et_pb_row column_structure=&#8221;1_2,1_2&#8243; _builder_version=&#8221;4.17.4&#8243; _module_preset=&#8221;default&#8221; background_color=&#8221;RGBA(255,255,255,0)&#8221; border_width_all=&#8221;2px&#8221; border_color_all=&#8221;#000000&#8243; locked=&#8221;off&#8221; global_colors_info=&#8221;{}&#8221;][et_pb_column type=&#8221;1_2&#8243; _builder_version=&#8221;4.17.4&#8243; _module_preset=&#8221;default&#8221; background_color=&#8221;RGBA(255,255,255,0)&#8221; background_enable_image=&#8221;off&#8221; background_size=&#8221;initial&#8221; background_repeat=&#8221;repeat&#8221; custom_padding=&#8221;80px|60px|80px|60px|true|true&#8221; custom_padding_tablet=&#8221;50px|50px|50px|50px|true|true&#8221; custom_padding_phone=&#8221;40px|10px|40px|10px|true|true&#8221; custom_padding_last_edited=&#8221;on|phone&#8221; global_colors_info=&#8221;{}&#8221;][et_pb_text ul_type=&#8221;square&#8221; _builder_version=&#8221;4.24.0&#8243; _module_preset=&#8221;default&#8221; text_font=&#8221;|600|||||||&#8221; text_text_color=&#8221;#000000&#8243; text_font_size=&#8221;18px&#8221; text_line_height=&#8221;1.8em&#8221; header_2_font=&#8221;Playfair Display||||||||&#8221; header_2_font_size=&#8221;50px&#8221; header_2_line_height=&#8221;1.2em&#8221; header_3_line_height=&#8221;1.4em&#8221; header_6_font=&#8221;|700||on|||||&#8221; header_6_letter_spacing=&#8221;2px&#8221; header_6_line_height=&#8221;1.2em&#8221; max_width=&#8221;550px&#8221; header_2_font_size_tablet=&#8221;40px&#8221; header_2_font_size_phone=&#8221;30px&#8221; header_2_font_size_last_edited=&#8221;on|phone&#8221; locked=&#8221;off&#8221; global_colors_info=&#8221;{}&#8221;]<\/p>\n<h2>Splash this summer<\/h2>\n<h3>With grandmother&#8217;s recipes<\/h3>\n<p>There is no summer without gazpacho (or without cold cream) and, at El Caf\u00e9 de la \u00d3pera, it has been incorporated into its seasonal menu within its selection of <a href=\"https:\/\/www.elcafedelaopera.com\/planes\/platos-de-la-abuela\/\" target=\"_blank\" rel=\"noopener\"><strong>Platos de la abuela (Grandma&#8217;s Dishes)<\/strong><\/a>. A VERY COLOURFUL PROPOSAL THAT OFFERS AVOCADO, STRAWBERRY, WATERMELON OR MANGO GAZPACHO; AND ITS MOST GROUNDBREAKING VERSION WITH A BEETROOT CREAM Available every day, depending on the market and the chef&#8217;s taste.<\/p>\n<p>[\/et_pb_text][et_pb_button button_url=&#8221;@ET-DC@eyJkeW5hbWljIjp0cnVlLCJjb250ZW50IjoicG9zdF9saW5rX3VybF9wYWdlIiwic2V0dGluZ3MiOnsicG9zdF9pZCI6IjE0MTkifX0=@&#8221; button_text=&#8221;See more&#8221; button_alignment=&#8221;left&#8221; admin_label=&#8221;Bot\u00f3n ver m\u00e1s&#8221; _builder_version=&#8221;4.24.0&#8243; _dynamic_attributes=&#8221;button_url&#8221; _module_preset=&#8221;default&#8221; custom_button=&#8221;on&#8221; button_text_size=&#8221;14px&#8221; button_text_color=&#8221;#BAAF92&#8243; button_bg_color=&#8221;#160b00&#8243; button_border_width=&#8221;0px&#8221; button_border_radius=&#8221;0px&#8221; button_letter_spacing=&#8221;2px&#8221; button_font=&#8221;Montserrat|700||on|||||&#8221; custom_margin=&#8221;||||false|false&#8221; custom_padding=&#8221;17px|27px|17px|27px|true|true&#8221; custom_css_main_element=&#8221;float: left;||margin-right: 30px;&#8221; locked=&#8221;off&#8221; global_colors_info=&#8221;{%22gcid-1a4b6057-13ce-4197-8a52-7e95103d3861%22:%91%22button_bg_color__hover%22%93}&#8221; button_text_color__hover=&#8221;#FFFFFF&#8221; button_text_color__hover_enabled=&#8221;on|hover&#8221; button_bg_color__hover=&#8221;#4c0013&#8243; button_bg_color__hover_enabled=&#8221;on&#8221; button_bg_enable_color__hover=&#8221;on&#8221; custom_css_main_element_last_edited=&#8221;on|phone&#8221; custom_css_main_element_phone=&#8221;float: none;||width: 100%; ||text-align: center;&#8221; custom_css_main_element_tablet=&#8221;float: left;||margin-right: 30px;&#8221;][\/et_pb_button][et_pb_button button_url=&#8221;https:\/\/www.elcafedelaopera.com\/en\/book-now\/&#8221; button_text=&#8221;Book Online&#8221; button_alignment=&#8221;left&#8221; admin_label=&#8221;Bot\u00f3n reservar&#8221; _builder_version=&#8221;4.17.4&#8243; _module_preset=&#8221;default&#8221; custom_button=&#8221;on&#8221; button_text_size=&#8221;14px&#8221; button_text_color=&#8221;#BAAF92&#8243; button_bg_color=&#8221;#160b00&#8243; button_border_width=&#8221;0px&#8221; button_border_radius=&#8221;0px&#8221; button_letter_spacing=&#8221;2px&#8221; button_font=&#8221;Montserrat|700||on|||||&#8221; custom_margin=&#8221;||||false|false&#8221; custom_padding=&#8221;17px|27px|17px|27px|true|true&#8221; custom_css_main_element=&#8221;float: left;||margin-right: 30px;&#8221; locked=&#8221;off&#8221; global_colors_info=&#8221;{%22gcid-1a4b6057-13ce-4197-8a52-7e95103d3861%22:%91%22button_bg_color__hover%22%93}&#8221; button_text_color__hover=&#8221;#FFFFFF&#8221; button_text_color__hover_enabled=&#8221;on|hover&#8221; button_bg_color__hover=&#8221;#4c0013&#8243; button_bg_color__hover_enabled=&#8221;on&#8221; button_bg_enable_color__hover=&#8221;on&#8221; custom_css_main_element_last_edited=&#8221;on|phone&#8221; custom_css_main_element_phone=&#8221;float: none;||width: 100%; ||text-align: center;&#8221; custom_css_main_element_tablet=&#8221;float: left;||margin-right: 30px;&#8221;][\/et_pb_button][\/et_pb_column][et_pb_column type=&#8221;1_2&#8243; _builder_version=&#8221;4.16&#8243; _module_preset=&#8221;default&#8221; global_colors_info=&#8221;{}&#8221;][et_pb_image src=&#8221;https:\/\/www.elcafedelaopera.com\/wp-content\/uploads\/2023\/07\/Platos-de-la-abuela-verano.jpg&#8221; title_text=&#8221;Grandmother&apos;s summer recipes&#8221; _builder_version=&#8221;4.17.4&#8243; _module_preset=&#8221;default&#8221; z_index=&#8221;0&#8243; max_width_tablet=&#8221;400px&#8221; max_width_last_edited=&#8221;off|desktop&#8221; module_alignment=&#8221;right&#8221; custom_margin=&#8221;|-20vw|||false|false&#8221; custom_margin_tablet=&#8221;0px||||false|false&#8221; custom_margin_last_edited=&#8221;off|phone&#8221; locked=&#8221;off&#8221; global_colors_info=&#8221;{}&#8221;][\/et_pb_image][\/et_pb_column][\/et_pb_row][\/et_pb_section][et_pb_section fb_built=&#8221;1&#8243; disabled_on=&#8221;on|on|on&#8221; admin_label=&#8221;Plan 2 &#8211; Men\u00fa ejecutivo&#8221; _builder_version=&#8221;4.17.4&#8243; _module_preset=&#8221;default&#8221; background_color=&#8221;#FFFFFF&#8221; overflow-x=&#8221;hidden&#8221; overflow-y=&#8221;hidden&#8221; disabled=&#8221;on&#8221; locked=&#8221;off&#8221; global_colors_info=&#8221;{}&#8221;][et_pb_row column_structure=&#8221;1_2,1_2&#8243; _builder_version=&#8221;4.17.4&#8243; _module_preset=&#8221;default&#8221; background_color=&#8221;RGBA(255,255,255,0)&#8221; border_width_all=&#8221;2px&#8221; border_color_all=&#8221;#000000&#8243; locked=&#8221;off&#8221; global_colors_info=&#8221;{}&#8221;][et_pb_column type=&#8221;1_2&#8243; _builder_version=&#8221;4.17.4&#8243; _module_preset=&#8221;default&#8221; background_color=&#8221;RGBA(255,255,255,0)&#8221; background_enable_image=&#8221;off&#8221; background_size=&#8221;initial&#8221; background_repeat=&#8221;repeat&#8221; custom_padding=&#8221;80px|60px|80px|60px|true|true&#8221; custom_padding_tablet=&#8221;50px|50px|50px|50px|true|true&#8221; custom_padding_phone=&#8221;40px|10px|40px|10px|true|true&#8221; custom_padding_last_edited=&#8221;on|phone&#8221; global_colors_info=&#8221;{}&#8221;][et_pb_text ul_type=&#8221;square&#8221; _builder_version=&#8221;4.17.4&#8243; _module_preset=&#8221;default&#8221; text_font=&#8221;|600|||||||&#8221; text_text_color=&#8221;#000000&#8243; text_font_size=&#8221;18px&#8221; text_line_height=&#8221;1.8em&#8221; header_2_font=&#8221;Playfair Display||||||||&#8221; header_2_font_size=&#8221;50px&#8221; header_2_line_height=&#8221;1.2em&#8221; header_3_line_height=&#8221;1.4em&#8221; header_6_font=&#8221;|700||on|||||&#8221; header_6_letter_spacing=&#8221;2px&#8221; header_6_line_height=&#8221;1.2em&#8221; max_width=&#8221;550px&#8221; header_2_font_size_tablet=&#8221;40px&#8221; header_2_font_size_phone=&#8221;30px&#8221; header_2_font_size_last_edited=&#8221;on|phone&#8221; locked=&#8221;off&#8221; global_colors_info=&#8221;{}&#8221;]<\/p>\n<h2>Preludio&#8217;s menu<\/h2>\n<h3>From Monday till Friday from 13 to 15:15 h<\/h3>\n<div class=\"BoYVve\">\n<div data-feature-id=\"0xd4229403b7c2e77:0x99663341435e02f8\" data-post-id=\"1034971459215727074\" data-content-id=\"CIHM0ogKEICAgIDxmqb96QE\" data-platform=\"2\" data-cta-type=\"1\" data-post-type=\"1\" data-language-code=\"es-ES\">\n<div class=\"ILesAc Ah6Oed\">\n<div class=\"ILesAc Ah6Oed\"><span class=\"A5yTVb\">A new menu has been launched at El Caf\u00e9 de la \u00d3pera in its most informal version: at lunchtime and exclusively from Monday to Friday, not public holidays, with the option of choosing a starter, main course and dessert. With the prelude menu you will be able to enjoy some of the most representative dishes on our menu.<\/span><\/div>\n<\/div>\n<div class=\"ILesAc Ah6Oed\">\u00a0<\/div>\n<\/div>\n<\/div>\n<div class=\"MGZn0b LjdlXb\">\u00a0<\/div>\n<p>[\/et_pb_text][et_pb_button button_url=&#8221;@ET-DC@eyJkeW5hbWljIjp0cnVlLCJjb250ZW50IjoicG9zdF9saW5rX3VybF9wYWdlIiwic2V0dGluZ3MiOnsicG9zdF9pZCI6IjE0MTkifX0=@&#8221; button_text=&#8221;See more&#8221; button_alignment=&#8221;left&#8221; admin_label=&#8221;Bot\u00f3n ver m\u00e1s&#8221; _builder_version=&#8221;4.17.4&#8243; _dynamic_attributes=&#8221;button_url&#8221; _module_preset=&#8221;default&#8221; custom_button=&#8221;on&#8221; button_text_size=&#8221;14px&#8221; button_text_color=&#8221;#BAAF92&#8243; button_bg_color=&#8221;#160b00&#8243; button_border_width=&#8221;0px&#8221; button_border_radius=&#8221;0px&#8221; button_letter_spacing=&#8221;2px&#8221; button_font=&#8221;Montserrat|700||on|||||&#8221; custom_margin=&#8221;||||false|false&#8221; custom_padding=&#8221;17px|27px|17px|27px|true|true&#8221; custom_css_main_element=&#8221;float: left;||margin-right: 30px;&#8221; locked=&#8221;off&#8221; global_colors_info=&#8221;{%22gcid-1a4b6057-13ce-4197-8a52-7e95103d3861%22:%91%22button_bg_color__hover%22%93}&#8221; button_text_color__hover=&#8221;#FFFFFF&#8221; button_text_color__hover_enabled=&#8221;on|hover&#8221; button_bg_color__hover=&#8221;#4c0013&#8243; button_bg_color__hover_enabled=&#8221;on&#8221; button_bg_enable_color__hover=&#8221;on&#8221; custom_css_main_element_last_edited=&#8221;on|phone&#8221; custom_css_main_element_phone=&#8221;float: none;||width: 100%; ||text-align: center;&#8221; custom_css_main_element_tablet=&#8221;float: left;||margin-right: 30px;&#8221;][\/et_pb_button][et_pb_button button_url=&#8221;https:\/\/www.elcafedelaopera.com\/en\/book-now\/&#8221; button_text=&#8221;Book Online&#8221; button_alignment=&#8221;left&#8221; admin_label=&#8221;Bot\u00f3n reservar&#8221; _builder_version=&#8221;4.17.4&#8243; _module_preset=&#8221;default&#8221; custom_button=&#8221;on&#8221; button_text_size=&#8221;14px&#8221; button_text_color=&#8221;#BAAF92&#8243; button_bg_color=&#8221;#160b00&#8243; button_border_width=&#8221;0px&#8221; button_border_radius=&#8221;0px&#8221; button_letter_spacing=&#8221;2px&#8221; button_font=&#8221;Montserrat|700||on|||||&#8221; custom_margin=&#8221;||||false|false&#8221; custom_padding=&#8221;17px|27px|17px|27px|true|true&#8221; custom_css_main_element=&#8221;float: left;||margin-right: 30px;&#8221; locked=&#8221;off&#8221; global_colors_info=&#8221;{%22gcid-1a4b6057-13ce-4197-8a52-7e95103d3861%22:%91%22button_bg_color__hover%22%93}&#8221; button_text_color__hover=&#8221;#FFFFFF&#8221; button_text_color__hover_enabled=&#8221;on|hover&#8221; button_bg_color__hover=&#8221;#4c0013&#8243; button_bg_color__hover_enabled=&#8221;on&#8221; button_bg_enable_color__hover=&#8221;on&#8221; custom_css_main_element_last_edited=&#8221;on|phone&#8221; custom_css_main_element_phone=&#8221;float: none;||width: 100%; ||text-align: center;&#8221; custom_css_main_element_tablet=&#8221;float: left;||margin-right: 30px;&#8221;][\/et_pb_button][\/et_pb_column][et_pb_column type=&#8221;1_2&#8243; _builder_version=&#8221;4.16&#8243; _module_preset=&#8221;default&#8221; global_colors_info=&#8221;{}&#8221;][et_pb_image src=&#8221;https:\/\/www.elcafedelaopera.com\/wp-content\/uploads\/2023\/10\/Bacalo-con-tomate-menu-del-dia-centro-de-Madrid.jpg&#8221; title_text=&#8221;Bacalo con tomate menu\u0301 del di\u0301a centro de Madrid&#8221; _builder_version=&#8221;4.17.4&#8243; _module_preset=&#8221;default&#8221; z_index=&#8221;0&#8243; max_width_tablet=&#8221;400px&#8221; max_width_last_edited=&#8221;off|desktop&#8221; module_alignment=&#8221;right&#8221; custom_margin=&#8221;|-20vw|||false|false&#8221; custom_margin_tablet=&#8221;0px||||false|false&#8221; custom_margin_last_edited=&#8221;off|phone&#8221; locked=&#8221;off&#8221; global_colors_info=&#8221;{}&#8221;][\/et_pb_image][\/et_pb_column][\/et_pb_row][\/et_pb_section][et_pb_section fb_built=&#8221;1&#8243; disabled_on=&#8221;on|on|on&#8221; admin_label=&#8221;Plan 3 -Brunch&#8221; _builder_version=&#8221;4.17.4&#8243; _module_preset=&#8221;default&#8221; background_color=&#8221;#000000&#8243; disabled=&#8221;on&#8221; locked=&#8221;off&#8221; global_colors_info=&#8221;{}&#8221;][et_pb_row column_structure=&#8221;2_5,3_5&#8243; _builder_version=&#8221;4.17.4&#8243; _module_preset=&#8221;default&#8221; global_colors_info=&#8221;{}&#8221;][et_pb_column type=&#8221;2_5&#8243; _builder_version=&#8221;4.17.4&#8243; _module_preset=&#8221;default&#8221; border_width_all=&#8221;2px&#8221; border_color_all=&#8221;#BAAF92&#8243; global_colors_info=&#8221;{}&#8221;][et_pb_image src=&#8221;https:\/\/elcafedelaopera.com\/\/wp-content\/uploads\/2023\/06\/Brunch-todos-los-dias.jpg&#8221; title_text=&#8221;Brunch every days&#8221; align=&#8221;center&#8221; _builder_version=&#8221;4.17.4&#8243; _module_preset=&#8221;default&#8221; z_index=&#8221;0&#8243; max_width_phone=&#8221;150px&#8221; max_width_last_edited=&#8221;off|desktop&#8221; custom_margin=&#8221;30px|-30px|30px|30px|true|false&#8221; locked=&#8221;off&#8221; global_colors_info=&#8221;{}&#8221;][\/et_pb_image][\/et_pb_column][et_pb_column type=&#8221;3_5&#8243; _builder_version=&#8221;4.17.4&#8243; _module_preset=&#8221;default&#8221; custom_padding=&#8221;100px|30px||30px|false|true&#8221; custom_padding_tablet=&#8221;0px||||false|false&#8221; custom_padding_phone=&#8221;|0px||0px|false|true&#8221; custom_padding_last_edited=&#8221;on|phone&#8221; global_colors_info=&#8221;{}&#8221;][et_pb_text _builder_version=&#8221;4.17.4&#8243; _module_preset=&#8221;default&#8221; text_text_color=&#8221;#FFFFFF&#8221; text_font_size=&#8221;18px&#8221; text_line_height=&#8221;1.8em&#8221; header_2_font=&#8221;||||||||&#8221; header_2_text_color=&#8221;#ffebd6&#8243; header_2_font_size=&#8221;50px&#8221; header_2_line_height=&#8221;1.6em&#8221; header_3_font=&#8221;|700||on|||||&#8221; header_3_text_color=&#8221;#ffcf9a&#8221; header_3_font_size=&#8221;16px&#8221; header_3_letter_spacing=&#8221;2px&#8221; header_3_line_height=&#8221;2em&#8221; background_layout=&#8221;dark&#8221; max_width=&#8221;550px&#8221; header_2_font_size_tablet=&#8221;40px&#8221; header_2_font_size_phone=&#8221;30px&#8221; header_2_font_size_last_edited=&#8221;on|phone&#8221; locked=&#8221;off&#8221; global_colors_info=&#8221;{}&#8221;]<\/p>\n<h2>Brunch<\/h2>\n<h3>Everyday from 11:00 till 13:00 h<\/h3>\n<p>Perfect for lovers of hearty (and late) breakfasts, El Caf\u00e9 de la \u00d3pera offers brunch every day from 11 am to 1 pm.<\/p>\n<p>A full platter with a wide selection of sweet and savoury dishes can be complemented with a main course, such as their eggs benedict.[\/et_pb_text][et_pb_button button_url=&#8221;@ET-DC@eyJkeW5hbWljIjp0cnVlLCJjb250ZW50IjoicG9zdF9saW5rX3VybF9wYWdlIiwic2V0dGluZ3MiOnsicG9zdF9pZCI6IjE1NDIifX0=@&#8221; button_text=&#8221;See more&#8221; button_alignment=&#8221;left&#8221; admin_label=&#8221;Bot\u00f3n Ver m\u00e1s&#8221; _builder_version=&#8221;4.17.4&#8243; _dynamic_attributes=&#8221;button_url&#8221; _module_preset=&#8221;default&#8221; custom_button=&#8221;on&#8221; button_text_size=&#8221;14px&#8221; button_text_color=&#8221;#000000&#8243; button_bg_color=&#8221;#BAAF92&#8243; button_border_width=&#8221;0px&#8221; button_border_radius=&#8221;0px&#8221; button_letter_spacing=&#8221;2px&#8221; button_font=&#8221;Montserrat|700||on|||||&#8221; custom_margin=&#8221;||||false|false&#8221; custom_padding=&#8221;17px|27px|17px|27px|true|true&#8221; custom_css_main_element=&#8221;float: left;||margin-right: 30px;&#8221; locked=&#8221;off&#8221; global_colors_info=&#8221;{%22gcid-1a4b6057-13ce-4197-8a52-7e95103d3861%22:%91%22button_bg_color__hover%22%93}&#8221; button_text_color__hover=&#8221;#FFFFFF&#8221; button_text_color__hover_enabled=&#8221;on|hover&#8221; button_bg_color__hover=&#8221;#4c0013&#8243; button_bg_color__hover_enabled=&#8221;on|hover&#8221; button_bg_enable_color__hover=&#8221;on&#8221; custom_css_main_element_last_edited=&#8221;on|phone&#8221; custom_css_main_element_phone=&#8221;float: none;||width: 100%; ||text-align: center;&#8221; custom_css_main_element_tablet=&#8221;float: left;||margin-right: 30px;&#8221;][\/et_pb_button][et_pb_button button_url=&#8221;https:\/\/www.elcafedelaopera.com\/en\/book-now\/&#8221; button_text=&#8221;Book Online&#8221; button_alignment=&#8221;left&#8221; admin_label=&#8221;Bot\u00f3n Reservar&#8221; _builder_version=&#8221;4.17.4&#8243; _module_preset=&#8221;default&#8221; custom_button=&#8221;on&#8221; button_text_size=&#8221;14px&#8221; button_text_color=&#8221;#000000&#8243; button_bg_color=&#8221;#BAAF92&#8243; button_border_width=&#8221;0px&#8221; button_border_radius=&#8221;0px&#8221; button_letter_spacing=&#8221;2px&#8221; button_font=&#8221;Montserrat|700||on|||||&#8221; custom_margin=&#8221;||||false|false&#8221; custom_padding=&#8221;17px|27px|17px|27px|true|true&#8221; custom_css_main_element=&#8221;float: left;||margin-right: 30px;&#8221; locked=&#8221;off&#8221; global_colors_info=&#8221;{%22gcid-1a4b6057-13ce-4197-8a52-7e95103d3861%22:%91%22button_bg_color__hover%22%93}&#8221; button_text_color__hover=&#8221;#FFFFFF&#8221; button_text_color__hover_enabled=&#8221;on|hover&#8221; button_bg_color__hover=&#8221;#4c0013&#8243; button_bg_color__hover_enabled=&#8221;on|hover&#8221; button_bg_enable_color__hover=&#8221;on&#8221; custom_css_main_element_last_edited=&#8221;on|phone&#8221; custom_css_main_element_phone=&#8221;float: none;||width: 100%; ||text-align: center;&#8221; custom_css_main_element_tablet=&#8221;float: left;||margin-right: 30px;&#8221;][\/et_pb_button][\/et_pb_column][\/et_pb_row][\/et_pb_section][et_pb_section fb_built=&#8221;1&#8243; disabled_on=&#8221;on|on|on&#8221; admin_label=&#8221;Plan 0 &#8211; Piano Brunch&#8221; _builder_version=&#8221;4.17.4&#8243; _module_preset=&#8221;default&#8221; background_color=&#8221;#000000&#8243; disabled=&#8221;on&#8221; locked=&#8221;off&#8221; global_colors_info=&#8221;{}&#8221;][et_pb_row column_structure=&#8221;2_5,3_5&#8243; _builder_version=&#8221;4.17.4&#8243; _module_preset=&#8221;default&#8221; global_colors_info=&#8221;{}&#8221;][et_pb_column type=&#8221;2_5&#8243; _builder_version=&#8221;4.17.4&#8243; _module_preset=&#8221;default&#8221; border_width_all=&#8221;2px&#8221; border_color_all=&#8221;#BAAF92&#8243; global_colors_info=&#8221;{}&#8221;][et_pb_image src=&#8221;https:\/\/www.elcafedelaopera.com\/wp-content\/uploads\/2023\/11\/Piano-Brunch-I-Madrid-Hotel-Week-I-El-Cafe-de-la-Opera-LR.png&#8221; title_text=&#8221;Piano Brunch I Madrid Hotel Week I El Cafe\u0301 de la O\u0301pera LR&#8221; align=&#8221;center&#8221; _builder_version=&#8221;4.17.4&#8243; _module_preset=&#8221;default&#8221; z_index=&#8221;0&#8243; max_width_phone=&#8221;150px&#8221; max_width_last_edited=&#8221;off|desktop&#8221; custom_margin=&#8221;30px|-30px|30px|30px|true|false&#8221; locked=&#8221;off&#8221; global_colors_info=&#8221;{}&#8221;][\/et_pb_image][\/et_pb_column][et_pb_column type=&#8221;3_5&#8243; _builder_version=&#8221;4.17.4&#8243; _module_preset=&#8221;default&#8221; custom_padding=&#8221;100px|30px||30px|false|true&#8221; custom_padding_tablet=&#8221;0px||||false|false&#8221; custom_padding_phone=&#8221;|0px||0px|false|true&#8221; custom_padding_last_edited=&#8221;on|phone&#8221; global_colors_info=&#8221;{}&#8221;][et_pb_text admin_label=&#8221;Texto&#8221; _builder_version=&#8221;4.17.4&#8243; _module_preset=&#8221;default&#8221; text_text_color=&#8221;#FFFFFF&#8221; text_font_size=&#8221;18px&#8221; text_line_height=&#8221;1.8em&#8221; header_2_font=&#8221;||||||||&#8221; header_2_text_color=&#8221;#ffebd6&#8243; header_2_font_size=&#8221;50px&#8221; header_2_line_height=&#8221;1.6em&#8221; header_3_font=&#8221;|700||on|||||&#8221; header_3_text_color=&#8221;#ffcf9a&#8221; header_3_font_size=&#8221;16px&#8221; header_3_letter_spacing=&#8221;2px&#8221; header_3_line_height=&#8221;2em&#8221; background_layout=&#8221;dark&#8221; max_width=&#8221;550px&#8221; header_2_font_size_tablet=&#8221;40px&#8221; header_2_font_size_phone=&#8221;30px&#8221; header_2_font_size_last_edited=&#8221;on|phone&#8221; locked=&#8221;off&#8221; global_colors_info=&#8221;{}&#8221;]<\/p>\n<h2>Piano Brunch<\/h2>\n<h3>S\u00e1bados y domingos de noviembre<\/h3>\n<p>Con motivo de la celebraci\u00f3n de Madrid Hotel Week, <strong>El Caf\u00e9 de la \u00d3pera<\/strong> organiza un <strong>Piano Brunch<\/strong> en su restaurante los s\u00e1bados y domingos. Disponible en exclusiva los d\u00edas 4,5, 11 y 12 de noviembre, su ya habitual brunch estar\u00e1 amenizado por m\u00fasica en directo. Un completo men\u00fa para los amantes de los desayunos tard\u00edos con una completa propuesta de dulces y salados, \u00a1donde no pueden faltar sus huevos benedictinos!<\/p>\n<p>[\/et_pb_text][et_pb_button button_url=&#8221;@ET-DC@eyJkeW5hbWljIjp0cnVlLCJjb250ZW50IjoicG9zdF9saW5rX3VybF9wYWdlIiwic2V0dGluZ3MiOnsicG9zdF9pZCI6IjE1NDEifX0=@&#8221; button_text=&#8221;See more&#8221; button_alignment=&#8221;left&#8221; admin_label=&#8221;Bot\u00f3n Ver m\u00e1s&#8221; _builder_version=&#8221;4.17.4&#8243; _dynamic_attributes=&#8221;button_url&#8221; _module_preset=&#8221;default&#8221; custom_button=&#8221;on&#8221; button_text_size=&#8221;14px&#8221; button_text_color=&#8221;#000000&#8243; button_bg_color=&#8221;#BAAF92&#8243; button_border_width=&#8221;0px&#8221; button_border_radius=&#8221;0px&#8221; button_letter_spacing=&#8221;2px&#8221; button_font=&#8221;Montserrat|700||on|||||&#8221; custom_margin=&#8221;||||false|false&#8221; custom_padding=&#8221;17px|27px|17px|27px|true|true&#8221; custom_css_main_element=&#8221;float: left;||margin-right: 30px;&#8221; locked=&#8221;off&#8221; global_colors_info=&#8221;{%22gcid-1a4b6057-13ce-4197-8a52-7e95103d3861%22:%91%22button_bg_color__hover%22%93}&#8221; button_text_color__hover=&#8221;#FFFFFF&#8221; button_text_color__hover_enabled=&#8221;on|hover&#8221; button_bg_color__hover=&#8221;#4c0013&#8243; button_bg_color__hover_enabled=&#8221;on|hover&#8221; button_bg_enable_color__hover=&#8221;on&#8221; custom_css_main_element_last_edited=&#8221;on|phone&#8221; custom_css_main_element_phone=&#8221;float: none;||width: 100%; ||text-align: center;&#8221; custom_css_main_element_tablet=&#8221;float: left;||margin-right: 30px;&#8221;][\/et_pb_button][et_pb_button button_url=&#8221;https:\/\/www.elcafedelaopera.com\/en\/book-now\/&#8221; button_text=&#8221;Book Online&#8221; button_alignment=&#8221;left&#8221; admin_label=&#8221;Bot\u00f3n Reservar&#8221; _builder_version=&#8221;4.17.4&#8243; _module_preset=&#8221;default&#8221; custom_button=&#8221;on&#8221; button_text_size=&#8221;14px&#8221; button_text_color=&#8221;#000000&#8243; button_bg_color=&#8221;#BAAF92&#8243; button_border_width=&#8221;0px&#8221; button_border_radius=&#8221;0px&#8221; button_letter_spacing=&#8221;2px&#8221; button_font=&#8221;Montserrat|700||on|||||&#8221; custom_margin=&#8221;||||false|false&#8221; custom_padding=&#8221;17px|27px|17px|27px|true|true&#8221; custom_css_main_element=&#8221;float: left;||margin-right: 30px;&#8221; locked=&#8221;off&#8221; global_colors_info=&#8221;{%22gcid-1a4b6057-13ce-4197-8a52-7e95103d3861%22:%91%22button_bg_color__hover%22%93}&#8221; button_text_color__hover=&#8221;#FFFFFF&#8221; button_text_color__hover_enabled=&#8221;on|hover&#8221; button_bg_color__hover=&#8221;#4c0013&#8243; button_bg_color__hover_enabled=&#8221;on|hover&#8221; button_bg_enable_color__hover=&#8221;on&#8221; custom_css_main_element_last_edited=&#8221;on|phone&#8221; custom_css_main_element_phone=&#8221;float: none;||width: 100%; ||text-align: center;&#8221; custom_css_main_element_tablet=&#8221;float: left;||margin-right: 30px;&#8221;][\/et_pb_button][\/et_pb_column][\/et_pb_row][\/et_pb_section][et_pb_section fb_built=&#8221;1&#8243; disabled_on=&#8221;on|on|on&#8221; admin_label=&#8221;Plan 0 &#8211; Disney&#8221; _builder_version=&#8221;4.17.4&#8243; _module_preset=&#8221;default&#8221; background_color=&#8221;#FFFFFF&#8221; overflow-x=&#8221;hidden&#8221; overflow-y=&#8221;hidden&#8221; disabled=&#8221;on&#8221; locked=&#8221;off&#8221; global_colors_info=&#8221;{}&#8221;][et_pb_row column_structure=&#8221;1_2,1_2&#8243; disabled_on=&#8221;off|off|off&#8221; _builder_version=&#8221;4.17.4&#8243; _module_preset=&#8221;default&#8221; background_color=&#8221;RGBA(255,255,255,0)&#8221; border_width_all=&#8221;2px&#8221; border_color_all=&#8221;#000000&#8243; locked=&#8221;off&#8221; global_colors_info=&#8221;{}&#8221;][et_pb_column type=&#8221;1_2&#8243; _builder_version=&#8221;4.17.4&#8243; _module_preset=&#8221;default&#8221; background_color=&#8221;RGBA(255,255,255,0)&#8221; background_enable_image=&#8221;off&#8221; background_size=&#8221;initial&#8221; background_repeat=&#8221;repeat&#8221; custom_padding=&#8221;80px|60px|80px|60px|true|true&#8221; custom_padding_tablet=&#8221;50px|50px|50px|50px|true|true&#8221; custom_padding_phone=&#8221;40px|10px|40px|10px|true|true&#8221; custom_padding_last_edited=&#8221;on|phone&#8221; global_colors_info=&#8221;{}&#8221;][et_pb_text ul_type=&#8221;square&#8221; _builder_version=&#8221;4.17.4&#8243; _module_preset=&#8221;default&#8221; text_font=&#8221;|600|||||||&#8221; text_text_color=&#8221;#000000&#8243; text_font_size=&#8221;18px&#8221; text_line_height=&#8221;1.8em&#8221; header_2_font=&#8221;Playfair Display||||||||&#8221; header_2_font_size=&#8221;50px&#8221; header_2_line_height=&#8221;1.2em&#8221; header_3_line_height=&#8221;1.4em&#8221; header_6_font=&#8221;|700||on|||||&#8221; header_6_letter_spacing=&#8221;2px&#8221; header_6_line_height=&#8221;1.2em&#8221; max_width=&#8221;550px&#8221; header_2_font_size_tablet=&#8221;40px&#8221; header_2_font_size_phone=&#8221;30px&#8221; header_2_font_size_last_edited=&#8221;on|phone&#8221; locked=&#8221;off&#8221; global_colors_info=&#8221;{}&#8221;]<\/p>\n<h2>Celebra 100 <br \/>a\u00f1os Disney<\/h2>\n<h3>Con desayunos y meriendas<\/h3>\n<p>Porque a nadie le amarga un dulce, por tiempo limitado hemos creado una mini carta llena de magia. Podr\u00e1s disfrutar de las tortitas acompa\u00f1adas por batido de galleta de El Rey Le\u00f3n bajo el ritmo de <strong>Hakuna Matata<\/strong>, de la copa de helado m\u00e1s Frozen con <strong>Let it go<\/strong>, del cl\u00e1sico <strong>Qu\u00e9 fest\u00edn<\/strong> con un chocolate con churros y bizcocho de vainilla de La Bella y la Bestia y de un gofre con chocolate con batido de chocolate para celebrar un <strong>Feliz no cumplea\u00f1os<\/strong> en Alicia en el Pa\u00eds de las Maravillas.<\/p>\n<p>Una propuesta que llega acompa\u00f1ada de una galletas artesanas, con los personajes de Mickey y de Minnie, a las que pocos podr\u00e1n resistirse.<\/p>\n<p>[\/et_pb_text][et_pb_button button_url=&#8221;@ET-DC@eyJkeW5hbWljIjp0cnVlLCJjb250ZW50IjoicG9zdF9saW5rX3VybF9wYWdlIiwic2V0dGluZ3MiOnsicG9zdF9pZCI6IjE0MTgifX0=@&#8221; button_text=&#8221;See more&#8221; button_alignment=&#8221;left&#8221; admin_label=&#8221;Bot\u00f3n ver m\u00e1s&#8221; _builder_version=&#8221;4.17.4&#8243; _dynamic_attributes=&#8221;button_url&#8221; _module_preset=&#8221;default&#8221; custom_button=&#8221;on&#8221; button_text_size=&#8221;14px&#8221; button_text_color=&#8221;#BAAF92&#8243; button_bg_color=&#8221;#160b00&#8243; button_border_width=&#8221;0px&#8221; button_border_radius=&#8221;0px&#8221; button_letter_spacing=&#8221;2px&#8221; button_font=&#8221;Montserrat|700||on|||||&#8221; custom_margin=&#8221;||||false|false&#8221; custom_padding=&#8221;17px|27px|17px|27px|true|true&#8221; custom_css_main_element=&#8221;float: left;||margin-right: 30px;&#8221; locked=&#8221;off&#8221; global_colors_info=&#8221;{%22gcid-1a4b6057-13ce-4197-8a52-7e95103d3861%22:%91%22button_bg_color__hover%22%93}&#8221; button_text_color__hover=&#8221;#FFFFFF&#8221; button_text_color__hover_enabled=&#8221;on|hover&#8221; button_bg_color__hover=&#8221;#4c0013&#8243; button_bg_color__hover_enabled=&#8221;on&#8221; button_bg_enable_color__hover=&#8221;on&#8221; custom_css_main_element_last_edited=&#8221;on|phone&#8221; custom_css_main_element_phone=&#8221;float: none;||width: 100%; ||text-align: center;&#8221; custom_css_main_element_tablet=&#8221;float: left;||margin-right: 30px;&#8221;][\/et_pb_button][\/et_pb_column][et_pb_column type=&#8221;1_2&#8243; _builder_version=&#8221;4.16&#8243; _module_preset=&#8221;default&#8221; global_colors_info=&#8221;{}&#8221;][et_pb_image src=&#8221;https:\/\/www.elcafedelaopera.com\/wp-content\/uploads\/2023\/09\/100-anos-Dinsey-merienda-La-Bella-y-la-Bestia-1.jpg&#8221; title_text=&#8221;100 an\u0303os Dinsey merienda La Bella y la Bestia&#8221; align=&#8221;center&#8221; _builder_version=&#8221;4.17.4&#8243; _module_preset=&#8221;default&#8221; z_index=&#8221;0&#8243; width=&#8221;80%&#8221; max_width_phone=&#8221;150px&#8221; max_width_last_edited=&#8221;off|desktop&#8221; custom_margin=&#8221;30px|-30px|30px|30px|true|false&#8221; locked=&#8221;off&#8221; global_colors_info=&#8221;{}&#8221;][\/et_pb_image][\/et_pb_column][\/et_pb_row][\/et_pb_section][et_pb_section fb_built=&#8221;1&#8243; disabled_on=&#8221;on|on|on&#8221; admin_label=&#8221;Plan 4 &#8211; Platos de la abuela&#8221; _builder_version=&#8221;4.17.4&#8243; _module_preset=&#8221;default&#8221; background_color=&#8221;#FFFFFF&#8221; overflow-x=&#8221;hidden&#8221; overflow-y=&#8221;hidden&#8221; disabled=&#8221;on&#8221; locked=&#8221;off&#8221; global_colors_info=&#8221;{}&#8221;][et_pb_row column_structure=&#8221;1_2,1_2&#8243; _builder_version=&#8221;4.17.4&#8243; _module_preset=&#8221;default&#8221; background_color=&#8221;RGBA(255,255,255,0)&#8221; border_width_all=&#8221;2px&#8221; border_color_all=&#8221;#000000&#8243; locked=&#8221;off&#8221; global_colors_info=&#8221;{}&#8221;][et_pb_column type=&#8221;1_2&#8243; _builder_version=&#8221;4.17.4&#8243; _module_preset=&#8221;default&#8221; background_color=&#8221;RGBA(255,255,255,0)&#8221; background_enable_image=&#8221;off&#8221; background_size=&#8221;initial&#8221; background_repeat=&#8221;repeat&#8221; custom_padding=&#8221;80px|60px|80px|60px|true|true&#8221; custom_padding_tablet=&#8221;50px|50px|50px|50px|true|true&#8221; custom_padding_phone=&#8221;40px|10px|40px|10px|true|true&#8221; custom_padding_last_edited=&#8221;on|phone&#8221; global_colors_info=&#8221;{}&#8221;][et_pb_text ul_type=&#8221;square&#8221; _builder_version=&#8221;4.17.4&#8243; _module_preset=&#8221;default&#8221; text_font=&#8221;|600|||||||&#8221; text_text_color=&#8221;#000000&#8243; text_font_size=&#8221;18px&#8221; header_2_font=&#8221;Playfair Display||||||||&#8221; header_2_font_size=&#8221;50px&#8221; header_2_line_height=&#8221;1.2em&#8221; header_6_font=&#8221;|700||on|||||&#8221; header_6_letter_spacing=&#8221;2px&#8221; header_6_line_height=&#8221;1.2em&#8221; max_width=&#8221;550px&#8221; header_2_font_size_tablet=&#8221;40px&#8221; header_2_font_size_phone=&#8221;30px&#8221; header_2_font_size_last_edited=&#8221;on|phone&#8221; locked=&#8221;off&#8221; global_colors_info=&#8221;{}&#8221;]<\/p>\n<h2>Platos de la abuela<\/h2>\n<h3>Fuera de carta, seg\u00fan temporada<\/h3>\n<p class=\"has-text-align-center has-base-color has-text-color\">\n<p class=\"has-text-align-center has-base-color has-text-color\">Recetas tradicionales, a fuego lento y servidas en su olla. <strong>El Caf\u00e9 de la \u00d3pera<\/strong><span> <\/span>prepara diferentes platos de la abuela (seg\u00fan temporada) para disfrutar del sabor de siempre.<\/p>\n<p class=\"has-text-align-center has-base-3-color has-text-color\">Patatas con bacalao, marmitako con at\u00fan o pisto manchego con huevo son solo algunas de las propuestas que ofrece \u2013 seg\u00fan mercado y al gusto del chef.<\/p>\n<p>[\/et_pb_text][et_pb_button button_url=&#8221;@ET-DC@eyJkeW5hbWljIjp0cnVlLCJjb250ZW50IjoicG9zdF9saW5rX3VybF9wYWdlIiwic2V0dGluZ3MiOnsicG9zdF9pZCI6IjcwNiJ9fQ==@&#8221; button_text=&#8221;See more&#8221; button_alignment=&#8221;left&#8221; admin_label=&#8221;Bot\u00f3n Ver m\u00e1s&#8221; _builder_version=&#8221;4.17.4&#8243; _dynamic_attributes=&#8221;button_url&#8221; _module_preset=&#8221;default&#8221; custom_button=&#8221;on&#8221; button_text_size=&#8221;14px&#8221; button_text_color=&#8221;#BAAF92&#8243; button_bg_color=&#8221;#160b00&#8243; button_border_width=&#8221;0px&#8221; button_border_radius=&#8221;0px&#8221; button_letter_spacing=&#8221;2px&#8221; button_font=&#8221;Montserrat|700||on|||||&#8221; custom_margin=&#8221;||||false|false&#8221; custom_padding=&#8221;17px|27px|17px|27px|true|true&#8221; custom_css_main_element=&#8221;float: left;||margin-right: 30px;&#8221; locked=&#8221;off&#8221; global_colors_info=&#8221;{%22gcid-1a4b6057-13ce-4197-8a52-7e95103d3861%22:%91%22button_bg_color__hover%22%93}&#8221; button_text_color__hover=&#8221;#FFFFFF&#8221; button_text_color__hover_enabled=&#8221;on|hover&#8221; button_bg_color__hover=&#8221;#4c0013&#8243; button_bg_color__hover_enabled=&#8221;on&#8221; button_bg_enable_color__hover=&#8221;on&#8221; custom_css_main_element_last_edited=&#8221;on|phone&#8221; custom_css_main_element_phone=&#8221;float: none;||width: 100%; ||text-align: center;&#8221; custom_css_main_element_tablet=&#8221;float: left;||margin-right: 30px;&#8221;][\/et_pb_button][et_pb_button button_url=&#8221;https:\/\/www.elcafedelaopera.com\/en\/book-now\/&#8221; button_text=&#8221;Book Online&#8221; button_alignment=&#8221;left&#8221; admin_label=&#8221;Bot\u00f3n Reservar&#8221; _builder_version=&#8221;4.17.4&#8243; _module_preset=&#8221;default&#8221; custom_button=&#8221;on&#8221; button_text_size=&#8221;14px&#8221; button_text_color=&#8221;#BAAF92&#8243; button_bg_color=&#8221;#160b00&#8243; button_border_width=&#8221;0px&#8221; button_border_radius=&#8221;0px&#8221; button_letter_spacing=&#8221;2px&#8221; button_font=&#8221;Montserrat|700||on|||||&#8221; custom_margin=&#8221;||||false|false&#8221; custom_padding=&#8221;17px|27px|17px|27px|true|true&#8221; custom_css_main_element=&#8221;float: left;||margin-right: 30px;&#8221; locked=&#8221;off&#8221; global_colors_info=&#8221;{%22gcid-1a4b6057-13ce-4197-8a52-7e95103d3861%22:%91%22button_bg_color__hover%22%93}&#8221; button_text_color__hover=&#8221;#FFFFFF&#8221; button_text_color__hover_enabled=&#8221;on|hover&#8221; button_bg_color__hover=&#8221;#4c0013&#8243; button_bg_color__hover_enabled=&#8221;on&#8221; button_bg_enable_color__hover=&#8221;on&#8221; custom_css_main_element_last_edited=&#8221;on|phone&#8221; custom_css_main_element_phone=&#8221;float: none;||width: 100%; ||text-align: center;&#8221; custom_css_main_element_tablet=&#8221;float: left;||margin-right: 30px;&#8221;][\/et_pb_button][\/et_pb_column][et_pb_column type=&#8221;1_2&#8243; _builder_version=&#8221;4.16&#8243; _module_preset=&#8221;default&#8221; global_colors_info=&#8221;{}&#8221;][et_pb_image src=&#8221;https:\/\/elcafedelaopera.com\/\/wp-content\/uploads\/2023\/06\/Pisto-con-huevo.jpg&#8221; title_text=&#8221;Pisto con huevo&#8221; _builder_version=&#8221;4.17.4&#8243; _module_preset=&#8221;default&#8221; z_index=&#8221;0&#8243; max_width_tablet=&#8221;400px&#8221; max_width_last_edited=&#8221;off|desktop&#8221; module_alignment=&#8221;right&#8221; custom_margin=&#8221;|-20vw|||false|false&#8221; custom_margin_tablet=&#8221;0px||||false|false&#8221; custom_margin_last_edited=&#8221;off|phone&#8221; locked=&#8221;off&#8221; global_colors_info=&#8221;{}&#8221;][\/et_pb_image][\/et_pb_column][\/et_pb_row][\/et_pb_section]<\/p>\n","protected":false},"excerpt":{"rendered":"<p>ProposalsPiano Jazz Wednesdays, Thursdays and Sundays Jazz and piano lovers will find their best fusion at El Caf\u00e9 de la \u00d3pera. A very attractive musical plan accompanied by a carefully selected menu of snacks and a selection of cocktails. Wednesdays, Thursdays and Sundays from 7pm to 9pm. Access for 20 \u20ac, with a drink. \u2018In [&hellip;]<\/p>\n","protected":false},"author":1,"featured_media":0,"parent":0,"menu_order":0,"comment_status":"closed","ping_status":"closed","template":"","meta":{"_et_pb_use_builder":"on","_et_pb_old_content":"","_et_gb_content_width":"","footnotes":""},"class_list":["post-1198","page","type-page","status-publish","hentry"],"yoast_head":"<!-- This site is optimized with the Yoast SEO plugin v24.6 - https:\/\/yoast.com\/wordpress\/plugins\/seo\/ -->\n<title>Los mejores planes en Madrid<\/title>\n<meta name=\"description\" content=\"En fin de semana, con amigos, en pareja o con la familia. Consulta los planes de El Caf\u00e9 de la \u00d3pera con su brunch, Una Cena Cantada y su...\" \/>\n<meta name=\"robots\" content=\"index, follow, max-snippet:-1, max-image-preview:large, max-video-preview:-1\" \/>\n<link rel=\"canonical\" href=\"https:\/\/www.elcafedelaopera.com\/en\/proposals\/\" \/>\n<meta property=\"og:locale\" content=\"en_US\" \/>\n<meta property=\"og:type\" content=\"article\" \/>\n<meta property=\"og:title\" content=\"Los mejores planes en Madrid\" \/>\n<meta property=\"og:description\" content=\"En fin de semana, con amigos, en pareja o con la familia. Consulta los planes de El Caf\u00e9 de la \u00d3pera con su brunch, Una Cena Cantada y su...\" \/>\n<meta property=\"og:url\" content=\"https:\/\/www.elcafedelaopera.com\/en\/proposals\/\" \/>\n<meta property=\"og:site_name\" content=\"El Caf\u00e9 de la \u00d3pera\" \/>\n<meta property=\"article:publisher\" content=\"https:\/\/www.facebook.com\/elcafedelaopera\/\" \/>\n<meta property=\"article:modified_time\" content=\"2025-03-10T18:15:15+00:00\" \/>\n<meta property=\"og:image\" content=\"https:\/\/www.elcafedelaopera.com\/wp-content\/uploads\/2023\/06\/El-Cafe-de-la-opera-I-web-scaled.jpg\" \/>\n\t<meta property=\"og:image:width\" content=\"2560\" \/>\n\t<meta property=\"og:image:height\" content=\"1440\" \/>\n\t<meta property=\"og:image:type\" content=\"image\/jpeg\" \/>\n<meta name=\"twitter:card\" content=\"summary_large_image\" \/>\n<meta name=\"twitter:label1\" content=\"Est. reading time\" \/>\n\t<meta name=\"twitter:data1\" content=\"3 minutes\" \/>\n<script type=\"application\/ld+json\" class=\"yoast-schema-graph\">{\"@context\":\"https:\/\/schema.org\",\"@graph\":[{\"@type\":\"WebPage\",\"@id\":\"https:\/\/www.elcafedelaopera.com\/en\/proposals\/\",\"url\":\"https:\/\/www.elcafedelaopera.com\/en\/proposals\/\",\"name\":\"Los mejores planes en Madrid\",\"isPartOf\":{\"@id\":\"https:\/\/www.elcafedelaopera.com\/en\/#website\"},\"datePublished\":\"2023-06-05T20:22:42+00:00\",\"dateModified\":\"2025-03-10T18:15:15+00:00\",\"description\":\"En fin de semana, con amigos, en pareja o con la familia. Consulta los planes de El Caf\u00e9 de la \u00d3pera con su brunch, Una Cena Cantada y su...\",\"breadcrumb\":{\"@id\":\"https:\/\/www.elcafedelaopera.com\/en\/proposals\/#breadcrumb\"},\"inLanguage\":\"en-US\",\"potentialAction\":[{\"@type\":\"ReadAction\",\"target\":[\"https:\/\/www.elcafedelaopera.com\/en\/proposals\/\"]}]},{\"@type\":\"BreadcrumbList\",\"@id\":\"https:\/\/www.elcafedelaopera.com\/en\/proposals\/#breadcrumb\",\"itemListElement\":[{\"@type\":\"ListItem\",\"position\":1,\"name\":\"Portada\",\"item\":\"https:\/\/www.elcafedelaopera.com\/en\/\"},{\"@type\":\"ListItem\",\"position\":2,\"name\":\"Planes\"}]},{\"@type\":\"WebSite\",\"@id\":\"https:\/\/www.elcafedelaopera.com\/en\/#website\",\"url\":\"https:\/\/www.elcafedelaopera.com\/en\/\",\"name\":\"El Caf\u00e9 de la \u00d3pera\",\"description\":\"Restaurante y terraza junto al Teatro Real\",\"publisher\":{\"@id\":\"https:\/\/www.elcafedelaopera.com\/en\/#organization\"},\"potentialAction\":[{\"@type\":\"SearchAction\",\"target\":{\"@type\":\"EntryPoint\",\"urlTemplate\":\"https:\/\/www.elcafedelaopera.com\/en\/?s={search_term_string}\"},\"query-input\":{\"@type\":\"PropertyValueSpecification\",\"valueRequired\":true,\"valueName\":\"search_term_string\"}}],\"inLanguage\":\"en-US\"},{\"@type\":\"Organization\",\"@id\":\"https:\/\/www.elcafedelaopera.com\/en\/#organization\",\"name\":\"El Caf\u00e9 de la \u00d3pera\",\"url\":\"https:\/\/www.elcafedelaopera.com\/en\/\",\"logo\":{\"@type\":\"ImageObject\",\"inLanguage\":\"en-US\",\"@id\":\"https:\/\/www.elcafedelaopera.com\/en\/#\/schema\/logo\/image\/\",\"url\":\"https:\/\/www.elcafedelaopera.com\/wp-content\/uploads\/2023\/06\/El-Cafe-de-la-opera-I-lfondo-blanco-para-instagram.jpg\",\"contentUrl\":\"https:\/\/www.elcafedelaopera.com\/wp-content\/uploads\/2023\/06\/El-Cafe-de-la-opera-I-lfondo-blanco-para-instagram.jpg\",\"width\":772,\"height\":804,\"caption\":\"El Caf\u00e9 de la \u00d3pera\"},\"image\":{\"@id\":\"https:\/\/www.elcafedelaopera.com\/en\/#\/schema\/logo\/image\/\"},\"sameAs\":[\"https:\/\/www.facebook.com\/elcafedelaopera\/\",\"https:\/\/www.instagram.com\/elcafedelaopera\/\",\"https:\/\/www.tiktok.com\/@elcafedelaopera\"]}]}<\/script>\n<!-- \/ Yoast SEO plugin. -->","yoast_head_json":{"title":"Los mejores planes en Madrid","description":"En fin de semana, con amigos, en pareja o con la familia. Consulta los planes de El Caf\u00e9 de la \u00d3pera con su brunch, Una Cena Cantada y su...","robots":{"index":"index","follow":"follow","max-snippet":"max-snippet:-1","max-image-preview":"max-image-preview:large","max-video-preview":"max-video-preview:-1"},"canonical":"https:\/\/www.elcafedelaopera.com\/en\/proposals\/","og_locale":"en_US","og_type":"article","og_title":"Los mejores planes en Madrid","og_description":"En fin de semana, con amigos, en pareja o con la familia. Consulta los planes de El Caf\u00e9 de la \u00d3pera con su brunch, Una Cena Cantada y su...","og_url":"https:\/\/www.elcafedelaopera.com\/en\/proposals\/","og_site_name":"El Caf\u00e9 de la \u00d3pera","article_publisher":"https:\/\/www.facebook.com\/elcafedelaopera\/","article_modified_time":"2025-03-10T18:15:15+00:00","og_image":[{"width":2560,"height":1440,"url":"https:\/\/www.elcafedelaopera.com\/wp-content\/uploads\/2023\/06\/El-Cafe-de-la-opera-I-web-scaled.jpg","type":"image\/jpeg"}],"twitter_card":"summary_large_image","twitter_misc":{"Est. reading time":"3 minutes"},"schema":{"@context":"https:\/\/schema.org","@graph":[{"@type":"WebPage","@id":"https:\/\/www.elcafedelaopera.com\/en\/proposals\/","url":"https:\/\/www.elcafedelaopera.com\/en\/proposals\/","name":"Los mejores planes en Madrid","isPartOf":{"@id":"https:\/\/www.elcafedelaopera.com\/en\/#website"},"datePublished":"2023-06-05T20:22:42+00:00","dateModified":"2025-03-10T18:15:15+00:00","description":"En fin de semana, con amigos, en pareja o con la familia. Consulta los planes de El Caf\u00e9 de la \u00d3pera con su brunch, Una Cena Cantada y su...","breadcrumb":{"@id":"https:\/\/www.elcafedelaopera.com\/en\/proposals\/#breadcrumb"},"inLanguage":"en-US","potentialAction":[{"@type":"ReadAction","target":["https:\/\/www.elcafedelaopera.com\/en\/proposals\/"]}]},{"@type":"BreadcrumbList","@id":"https:\/\/www.elcafedelaopera.com\/en\/proposals\/#breadcrumb","itemListElement":[{"@type":"ListItem","position":1,"name":"Portada","item":"https:\/\/www.elcafedelaopera.com\/en\/"},{"@type":"ListItem","position":2,"name":"Planes"}]},{"@type":"WebSite","@id":"https:\/\/www.elcafedelaopera.com\/en\/#website","url":"https:\/\/www.elcafedelaopera.com\/en\/","name":"El Caf\u00e9 de la \u00d3pera","description":"Restaurante y terraza junto al Teatro Real","publisher":{"@id":"https:\/\/www.elcafedelaopera.com\/en\/#organization"},"potentialAction":[{"@type":"SearchAction","target":{"@type":"EntryPoint","urlTemplate":"https:\/\/www.elcafedelaopera.com\/en\/?s={search_term_string}"},"query-input":{"@type":"PropertyValueSpecification","valueRequired":true,"valueName":"search_term_string"}}],"inLanguage":"en-US"},{"@type":"Organization","@id":"https:\/\/www.elcafedelaopera.com\/en\/#organization","name":"El Caf\u00e9 de la \u00d3pera","url":"https:\/\/www.elcafedelaopera.com\/en\/","logo":{"@type":"ImageObject","inLanguage":"en-US","@id":"https:\/\/www.elcafedelaopera.com\/en\/#\/schema\/logo\/image\/","url":"https:\/\/www.elcafedelaopera.com\/wp-content\/uploads\/2023\/06\/El-Cafe-de-la-opera-I-lfondo-blanco-para-instagram.jpg","contentUrl":"https:\/\/www.elcafedelaopera.com\/wp-content\/uploads\/2023\/06\/El-Cafe-de-la-opera-I-lfondo-blanco-para-instagram.jpg","width":772,"height":804,"caption":"El Caf\u00e9 de la \u00d3pera"},"image":{"@id":"https:\/\/www.elcafedelaopera.com\/en\/#\/schema\/logo\/image\/"},"sameAs":["https:\/\/www.facebook.com\/elcafedelaopera\/","https:\/\/www.instagram.com\/elcafedelaopera\/","https:\/\/www.tiktok.com\/@elcafedelaopera"]}]}},"_links":{"self":[{"href":"https:\/\/www.elcafedelaopera.com\/en\/wp-json\/wp\/v2\/pages\/1198","targetHints":{"allow":["GET"]}}],"collection":[{"href":"https:\/\/www.elcafedelaopera.com\/en\/wp-json\/wp\/v2\/pages"}],"about":[{"href":"https:\/\/www.elcafedelaopera.com\/en\/wp-json\/wp\/v2\/types\/page"}],"author":[{"embeddable":true,"href":"https:\/\/www.elcafedelaopera.com\/en\/wp-json\/wp\/v2\/users\/1"}],"replies":[{"embeddable":true,"href":"https:\/\/www.elcafedelaopera.com\/en\/wp-json\/wp\/v2\/comments?post=1198"}],"version-history":[{"count":64,"href":"https:\/\/www.elcafedelaopera.com\/en\/wp-json\/wp\/v2\/pages\/1198\/revisions"}],"predecessor-version":[{"id":2765,"href":"https:\/\/www.elcafedelaopera.com\/en\/wp-json\/wp\/v2\/pages\/1198\/revisions\/2765"}],"wp:attachment":[{"href":"https:\/\/www.elcafedelaopera.com\/en\/wp-json\/wp\/v2\/media?parent=1198"}],"curies":[{"name":"wp","href":"https:\/\/api.w.org\/{rel}","templated":true}]}}